{"id":666,"date":"2017-04-17T19:22:41","date_gmt":"2017-04-18T00:22:41","guid":{"rendered":"http:\/\/192.168.4.97\/portal\/?page_id=666"},"modified":"2026-04-10T11:55:56","modified_gmt":"2026-04-10T16:55:56","slug":"geoinformacion","status":"publish","type":"page","link":"https:\/\/www.geoportaligm.gob.ec\/portal\/index.php\/descargas\/geoinformacion\/","title":{"rendered":"Geoinformaci\u00f3n"},"content":{"rendered":"<p>\t\t\t\t<img decoding=\"async\" src=\"https:\/\/www.geoportaligm.gob.ec\/portal\/wp-content\/uploads\/2018\/09\/mapas.png\" alt=\"Mapas para la Descarga\" itemprop=\"image\"  \/><br \/>\n\t<!DOCTYPE html><br \/>\n<html><br \/>\n    <title><\/title><br \/>\n    <meta name=\"viewport\" content=\"width=device-width, initial-scale=1\">\n    <link rel=\"stylesheet\" href=\"https:\/\/www.w3schools.com\/w3css\/4\/w3.css\">\n    <body><\/p>\n<h1><\/h1>\n<p>A partir de la Cartograf\u00eda B\u00e1sica, el Instituto Geogr\u00e1fico elabora productos cartogr\u00e1ficos a escala mediana y peque\u00f1a conocidos como Mapas y Cartas Tem\u00e1ticas para diversos usos.<br \/>\n    Los productos de mayor demanda, o aquellos elaborados antes de 1996 se los puede obtener impresos en tama\u00f1os que varian desde A4 a A0.<br \/>\n    Los productos de menor demanda se los imprime mediante Plotter de Inyecci\u00f3n a color. Tambi\u00e9n se los puede obtener en formato digital, ya sea formatos CAD, SIG, imagen (JPG, TIFF) o PostScript.<br \/>\nA continuaci\u00f3n se podr\u00e1n escoger los mapas para descargar de acuerdo a las siguientes categor\u00edas:<br \/>\nMapas Oficiales<br \/>\nSon mapas oficiales del Ecuador, elaborados por el Instituto Geogr\u00e1fico Militar y aprobados mediante las respectivas resoluciones por el Ministerio de Relaciones Exteriores, Comercio e Integraci\u00f3n; y, por la Comisi\u00f3n Especial de L\u00edmites Internos de la Rep\u00fablica (CELIR).<\/p>\n<p>    <\/body><br \/>\n<\/html><br \/>\n\t<head><br \/>\n    <meta charset=\"utf-8\"\/><br \/>\n    <meta name=\"viewport\" content=\"width=device-width, user-scalable=no, initial-scale=1.0, minimun-scale=1.0\"\/><br \/>\n    <title><\/title><\/p>\n<style>\n        * {\n  box-sizing: border-box;\n   }\nbody {\n  margin: 0;\n  font-family: sans-serif;\n  color: #333;\n   }\nh1 {\n  text-align: center;\n  color: #000;\n}\n.table-rwd {\n  font-size: .85em;\n  border: 1px solid rgba(181, 213, 144, 0.5);\n  color: #666;\n  border-collapse: collapse;\n  margin-left: auto;\n  margin-right: auto;\n   }\n  .table-rwd td, .table-rwd th {\n    padding: .8em;\n    border-bottom: 1px solid rgba(181, 213, 144, 0.5);\n     }\n  .table-rwd th {\n    background: #8bb74e;\n    color: #fff;\n    font-weight: normal;\n    text-align: center;\n  }\n  .table-rwd td {\n    text-align: center; \n  }\n    \/*.table-rwd td:before {\n      color: #1A8CFF; }\n    .table-rwd td:after {\n       }*\/\n    .table-rwd td:first-of-type {\n      text-align: center;\n      padding: .8em;\n    border-bottom: 1px solid rgba(181, 213, 144, 0.5);\n       }\n      \/*.table-rwd td:first-of-type:before {\n         }\n      .table-rwd td:first-of-type:after {\n         }*\/\n  .table-rwd tr:hover {\n    background: rgba(181, 213, 144, 0.5); }\n  .table-rwd tr td:nth-child(2n) {\n    background: rgba(181, 213, 144, 0.5); }\n.table-container {\n  overflow-x: auto; \n}\n.table-rwd {\n  min-width: 900px; }\n  .table-rwd td:first-child {\n    position: static;\n    background: #fff;\n    width: auto;\n    }\n  .table-rwd th:first-child {\n    width: 30%;\n     }\n  .table-rwd tr:hover td:first-child {\n    background: #8bb74e;\n    color: #fff; }\n    <\/style>\n<p>  <\/head><br \/>\n  <body><\/p>\n<table>\n<tr>\n<th ><\/th>\n<th>FORMATO<\/th>\n<th>A\u00d1O<\/th>\n<th>TAMA\u00d1O<\/th>\n<th><\/th>\n<th>DESCARGAR<\/th>\n<\/tr>\n<p>        <!--\n\n<tr>\n          \n\n<td>Mapa Regional de amenazas volc\u00e1nicas potenciales<\/td>\n\n\n          \n\n<td>RAR<\/td>\n\n\n          \n\n<td>2016<\/td>\n\n\n          \n\n<td>25.3 MiB<\/td>\n\n\n          \n\n<td>del Volc\u00e1n Cotopaxi Zona Norte, Zona Sur<\/td>\n\n\n          \n\n<td><a target=\"_blank\" tabindex=\"-1\" href=\"https:\/\/www.geoportaligm.gob.ec\/portal\/?wpfb_dl=967\" rel=\"noopener\"><img decoding=\"async\" loading=\"lazy\" src=\"https:\/\/www.geoportaligm.gob.ec\/portal\/wp-content\/uploads\/2017\/05\/descargas.png\" width=\"25px\" height=\"25px\" align=\"center\"><\/a><\/td>\n\n\n        <\/tr>\n\n--><\/p>\n<tr>\n<td>Mapa F\u00edsico del Ecuador<\/td>\n<td>JPG<\/td>\n<td>2024<\/td>\n<td>15.6 MB<\/td>\n<td>Escala 1: 1.000.000<\/td>\n<td><a target=\"_blank\" tabindex=\"-1\" href=\"https:\/\/www.geoportaligm.gob.ec\/nextcloud\/index.php\/s\/esquema_millon\" rel=\"noopener\"><img decoding=\"async\" loading=\"lazy\" src=\"https:\/\/www.geoportaligm.gob.ec\/portal\/wp-content\/uploads\/2017\/05\/descargas.png\" width=\"25px\" height=\"25px\" align=\"center\"><\/a><\/td>\n<\/tr>\n<tr>\n<td>Mapa Geogr\u00e1fico del Ecuador<\/td>\n<td>JPG<\/td>\n<td>2024<\/td>\n<td>27.1 MB<\/td>\n<td>Escala 1: 500.000<\/td>\n<td><a target=\"_blank\" tabindex=\"-1\" href=\"https:\/\/www.geoportaligm.gob.ec\/nextcloud\/index.php\/s\/esquema_500\" rel=\"noopener\"><img decoding=\"async\" loading=\"lazy\" src=\"https:\/\/www.geoportaligm.gob.ec\/portal\/wp-content\/uploads\/2017\/05\/descargas.png\" width=\"25px\" height=\"25px\" align=\"center\"><\/a><\/td>\n<\/tr>\n<tr>\n<td>Mapa F\u00edsico del Territorio Continental, Insular y Espacio Maritimos <\/td>\n<td>JPG<\/td>\n<td>2024<\/td>\n<td>29.5 MB<\/td>\n<td>Escala 1: 2.400.000<\/td>\n<td><a target=\"_blank\" tabindex=\"-1\" href=\"https:\/\/www.geoportaligm.gob.ec\/nextcloud\/index.php\/s\/TEw8me5GYsAiMND\" rel=\"noopener\"><img decoding=\"async\" loading=\"lazy\" src=\"https:\/\/www.geoportaligm.gob.ec\/portal\/wp-content\/uploads\/2017\/05\/descargas.png\" width=\"25px\" height=\"25px\" align=\"center\"><\/a><\/td>\n<\/tr>\n<tr>\n<td>Mapa de Afectaci\u00f3n Posts\u00edsmico<\/td>\n<td>JPG<\/td>\n<td>2016<\/td>\n<td>6.2 MB<\/td>\n<td>REGME_Ecuador<\/td>\n<td><a target=\"_blank\" tabindex=\"-1\" href=\"https:\/\/www.geoportaligm.gob.ec\/portal\/?wpfb_dl=965\" rel=\"noopener\"><img decoding=\"async\" loading=\"lazy\" src=\"https:\/\/www.geoportaligm.gob.ec\/portal\/wp-content\/uploads\/2017\/05\/descargas.png\" width=\"25px\" height=\"25px\" align=\"center\"><\/a><\/td>\n<\/tr>\n<tr>\n<td>Mapa Geogr\u00e1fico del Ecuador<\/td>\n<td>JPG<\/td>\n<td>2012<\/td>\n<td>12.7 MB<\/td>\n<td>Escala 1: 500.000<\/td>\n<td><a target=\"_blank\" tabindex=\"-1\" href=\"https:\/\/www.geoportaligm.gob.ec\/portal\/?wpfb_dl=76\" rel=\"noopener\"><img decoding=\"async\" loading=\"lazy\" src=\"https:\/\/www.geoportaligm.gob.ec\/portal\/wp-content\/uploads\/2017\/05\/descargas.png\" width=\"25px\" height=\"25px\" align=\"center\"><\/a><\/td>\n<\/tr>\n<tr>\n<td>Mapa F\u00edsico del Ecuador<\/td>\n<td>JPG<\/td>\n<td>2009<\/td>\n<td>25.9 MB<\/td>\n<td>Escala 1: 1.000.000<\/td>\n<td><a target=\"_blank\" tabindex=\"-1\" href=\"https:\/\/www.geoportaligm.gob.ec\/portal\/?wpfb_dl=73\" rel=\"noopener\"><img decoding=\"async\" loading=\"lazy\" src=\"https:\/\/www.geoportaligm.gob.ec\/portal\/wp-content\/uploads\/2017\/05\/descargas.png\" width=\"25px\" height=\"25px\" align=\"center\"><\/a><\/td>\n<\/tr>\n<tr>\n<td>Mapa Pol\u00edtico del Ecuador<\/td>\n<td>JPG<\/td>\n<td>2009<\/td>\n<td>21.7 MB<\/td>\n<td>Escala 1: 1.000.000<\/td>\n<td><a target=\"_blank\" tabindex=\"-1\" href=\"https:\/\/www.geoportaligm.gob.ec\/portal\/?wpfb_dl=74\" rel=\"noopener\"><img decoding=\"async\" loading=\"lazy\" src=\"https:\/\/www.geoportaligm.gob.ec\/portal\/wp-content\/uploads\/2017\/05\/descargas.png\" width=\"25px\" height=\"25px\" align=\"center\"><\/a><\/td>\n<\/tr>\n<\/table>\n<p><\/p>\n<table>\n<tr>\n<th style=\"font-size:25px;\"><a target=\"_blank\" tabindex=\"-1\" href=\"https:\/\/www.geoportaligm.gob.ec\/portal\/index.php\/descargas\/geoinformacion\/cartografia-turistica\" rel=\"noopener\"><\/p>\n<p>Mapa Vial del Ecuador<\/p>\n<p><\/a><\/th>\n<th style=\"font-size:25px;\"><a target=\"_blank\" tabindex=\"-1\" href=\"\" rel=\"noopener\"><\/p>\n<p>Serie Geogr\u00e1fica: Mapas Provinciales &#8211; 2026 (Pr\u00f3ximamente)<\/p>\n<p><\/a><\/th>\n<th style=\"font-size:25px;\"><a target=\"_blank\" tabindex=\"-1\" href=\"https:\/\/www.geoportaligm.gob.ec\/portal\/index.php\/descargas\/geoinformacion\/mapas-tematicos-provinciales\" rel=\"noopener\"><\/p>\n<p>Mapas Tem\u00e1ticos Provinciales &#8211; 2012<\/p>\n<p><\/a><\/th>\n<th style=\"font-size:25px;\"><a target=\"_blank\" tabindex=\"-1\" href=\"https:\/\/www.geoportaligm.gob.ec\/portal\/index.php\/descargas\/geoinformacion\/planos-de-ciudades\" rel=\"noopener\"><\/p>\n<p>Planos de Ciudades<\/p>\n<p><\/a><\/th>\n<th style=\"font-size:25px;\"><a target=\"_blank\" tabindex=\"-1\" href=\"https:\/\/www.geoportaligm.gob.ec\/portal\/index.php\/mapas-peligros-volcanicos-ecuador\/\" rel=\"noopener\"><\/p>\n<p>Mapas Peligros Volc\u00e1nicos<\/p>\n<p><\/a><\/th>\n<th style=\"font-size:25px;\"><a target=\"_blank\" tabindex=\"-1\" href=\"https:\/\/www.geoportaligm.gob.ec\/nextcloud\/index.php\/s\/wHFtTECdyzLH3sY\" rel=\"noopener\"><\/p>\n<p>Productos de Pronta Respuesta<\/p>\n<p><\/a><\/th>\n<\/tr>\n<\/table>\n<p>  <\/body><\/p>\n","protected":false},"excerpt":{"rendered":"<p>A partir de la Cartograf\u00eda B\u00e1sica, el Instituto Geogr\u00e1fico elabora productos cartogr\u00e1ficos a escala mediana y peque\u00f1a conocidos como Mapas y Cartas Tem\u00e1ticas para diversos usos. Los productos de mayor demanda, o aquellos elaborados antes de 1996 se los puede obtener impresos en tama\u00f1os que varian desde A4 a A0. Los productos de menor demanda <a class=\"moretag\" href=\"https:\/\/www.geoportaligm.gob.ec\/portal\/index.php\/descargas\/geoinformacion\/\">Read More &#8230;<\/a><\/p>\n","protected":false},"author":1,"featured_media":0,"parent":746,"menu_order":0,"comment_status":"closed","ping_status":"closed","template":"full-width-page.php","meta":[],"_links":{"self":[{"href":"https:\/\/www.geoportaligm.gob.ec\/portal\/index.php\/wp-json\/wp\/v2\/pages\/666"}],"collection":[{"href":"https:\/\/www.geoportaligm.gob.ec\/portal\/index.php\/wp-json\/wp\/v2\/pages"}],"about":[{"href":"https:\/\/www.geoportaligm.gob.ec\/portal\/index.php\/wp-json\/wp\/v2\/types\/page"}],"author":[{"embeddable":true,"href":"https:\/\/www.geoportaligm.gob.ec\/portal\/index.php\/wp-json\/wp\/v2\/users\/1"}],"replies":[{"embeddable":true,"href":"https:\/\/www.geoportaligm.gob.ec\/portal\/index.php\/wp-json\/wp\/v2\/comments?post=666"}],"version-history":[{"count":34,"href":"https:\/\/www.geoportaligm.gob.ec\/portal\/index.php\/wp-json\/wp\/v2\/pages\/666\/revisions"}],"predecessor-version":[{"id":6107,"href":"https:\/\/www.geoportaligm.gob.ec\/portal\/index.php\/wp-json\/wp\/v2\/pages\/666\/revisions\/6107"}],"up":[{"embeddable":true,"href":"https:\/\/www.geoportaligm.gob.ec\/portal\/index.php\/wp-json\/wp\/v2\/pages\/746"}],"wp:attachment":[{"href":"https:\/\/www.geoportaligm.gob.ec\/portal\/index.php\/wp-json\/wp\/v2\/media?parent=666"}],"curies":[{"name":"wp","href":"https:\/\/api.w.org\/{rel}","templated":true}]}}