{"id":5210,"date":"2021-05-11T10:15:25","date_gmt":"2021-05-11T15:15:25","guid":{"rendered":"https:\/\/www.geoportaligm.gob.ec\/portal\/?page_id=5210"},"modified":"2025-11-05T16:40:52","modified_gmt":"2025-11-05T21:40:52","slug":"ortofoto-sector-san-rafael","status":"publish","type":"page","link":"https:\/\/www.geoportaligm.gob.ec\/portal\/index.php\/ortofoto-sector-san-rafael\/","title":{"rendered":"Ortofoto Sector San Rafael"},"content":{"rendered":"<p>\t<!DOCTYPE html><br \/>\n<html><br \/>\n<head><br \/>\n    <!-- Site made with Mobirise Website Builder v3.12.1, https:\/\/mobirise.com --><br \/>\n    <meta charset=\"UTF-8\"><br \/>\n    <meta http-equiv=\"X-UA-Compatible\" content=\"IE=edge\"><br \/>\n    <meta name=\"generator\" content=\"Mobirise v3.12.1, mobirise.com\"><br \/>\n    <meta name=\"viewport\" content=\"width=device-width, initial-scale=1\">\n    <link rel=\"shortcut icon\" href=\"assets\/images\/logo.png\" type=\"image\/x-icon\">\n    <meta name=\"description\" content=\"\">\n    <link rel=\"stylesheet\"\n        href=\"https:\/\/fonts.googleapis.com\/css?family=Lora:400,700,400italic,700italic&amp;subset=latin\">\n    <link rel=\"stylesheet\" href=\"https:\/\/fonts.googleapis.com\/css?family=Montserrat:400,700\">\n    <link rel=\"stylesheet\"\n        href=\"https:\/\/fonts.googleapis.com\/css?family=Raleway:100,100i,200,200i,300,300i,400,400i,500,500i,600,600i,700,700i,800,800i,900,900i\">\n    <link rel=\"stylesheet\" href=\"assets\/bootstrap-material-design-font\/css\/material.css\">\n    <link rel=\"stylesheet\" href=\"assets\/tether\/tether.min.css\">\n    <link rel=\"stylesheet\" href=\"assets\/bootstrap\/css\/bootstrap.min.css\">\n    <link rel=\"stylesheet\" href=\"assets\/animate.css\/animate.min.css\">\n    <link rel=\"stylesheet\" href=\"assets\/theme\/css\/style.css\">\n    <link rel=\"stylesheet\" href=\"assets\/mobirise\/css\/mbr-additional.css\" type=\"text\/css\">\n<\/head><br \/>\n<body><\/p>\n<h2 align=\"center\" width=\"100%\" background-color=\"#fff\">Descargas de Informaci\u00f3n recopilada por el IGM &#8211; Erosi\u00f3n R\u00edo<br \/>\n        Quijos<\/h2>\n<p>    <!--<iframe style=\"width: 100%; height: 600px; border: none;\" src=\"https:\/\/www.geoportaligm.gob.ec\/terria#start=%7B%22version%22%3A%220.0.05%22%2C%22initSources%22%3A%5B%7B%22initFragment%22%3A%22igm_default%22%7D%2C%7B%22initFragment%22%3A%22igm1%22%7D%2C%7B%22catalog%22%3A%5B%7B%22name%22%3A%22Datos+agregados+por+el+usuario%22%2C%22description%22%3A%22El+grupo+de+datos+que+ha+agregado+el+usuario+a+trav%C3%A9s+del+panel+Agregar+datos.%22%2C%22info%22%3A%5B%5D%2C%22isUserSupplied%22%3Atrue%2C%22isPromoted%22%3Afalse%2C%22isHidden%22%3Afalse%2C%22forceProxy%22%3Afalse%2C%22customProperties%22%3A%7B%7D%2C%22id%22%3A%22Root+Group%2FDatos+agregados+por+el+usuario%22%2C%22shortReportSections%22%3A%5B%5D%2C%22isWaitingForDisclaimer%22%3Afalse%2C%22hideSource%22%3Afalse%2C%22nameInCatalog%22%3A%22Datos+agregados+por+el+usuario%22%2C%22isOpen%22%3Afalse%2C%22items%22%3A%5B%5D%2C%22preserveOrder%22%3Afalse%2C%22type%22%3A%22group%22%2C%22parents%22%3A%5B%5D%7D%5D%7D%2C%7B%22sharedCatalogMembers%22%3A%7B%22Root+Group%2FInstituto+Geogr%C3%A1fico+Militar+del+Ecuador%22%3A%7B%22isOpen%22%3Atrue%2C%22type%22%3A%22group%22%2C%22parents%22%3A%5B%5D%7D%2C%22Root+Group%2FInstituto+Geogr%C3%A1fico+Militar+del+Ecuador%2FOrtofotos%2FIGM+-+Ortofotos%2F10-06-2020+san_rafael_extendida%22%3A%7B%22nowViewingIndex%22%3A2%2C%22isEnabled%22%3Atrue%2C%22isShown%22%3Atrue%2C%22isLegendVisible%22%3Atrue%2C%22useOwnClock%22%3Afalse%2C%22opacity%22%3A0.6%2C%22keepOnTop%22%3Afalse%2C%22splitDirection%22%3A1%2C%22styles%22%3A%22%22%2C%22type%22%3A%22wms%22%2C%22parents%22%3A%5B%22Root+Group%2FInstituto+Geogr%C3%A1fico+Militar+del+Ecuador%22%2C%22Root+Group%2FInstituto+Geogr%C3%A1fico+Militar+del+Ecuador%2FOrtofotos%22%2C%22Root+Group%2FInstituto+Geogr%C3%A1fico+Militar+del+Ecuador%2FOrtofotos%2FIGM+-+Ortofotos%22%5D%7D%2C%22Root+Group%2FInstituto+Geogr%C3%A1fico+Militar+del+Ecuador%2FOrtofotos%2FIGM+-+Ortofotos%2F2020-05-20-Ortofoto+de+la+Cascada+San+Rafael+-+2020%22%3A%7B%22nowViewingIndex%22%3A3%2C%22isEnabled%22%3Atrue%2C%22isShown%22%3Atrue%2C%22isLegendVisible%22%3Atrue%2C%22useOwnClock%22%3Afalse%2C%22opacity%22%3A0.6%2C%22keepOnTop%22%3Afalse%2C%22splitDirection%22%3A1%2C%22styles%22%3A%22%22%2C%22type%22%3A%22wms%22%2C%22parents%22%3A%5B%22Root+Group%2FInstituto+Geogr%C3%A1fico+Militar+del+Ecuador%22%2C%22Root+Group%2FInstituto+Geogr%C3%A1fico+Militar+del+Ecuador%2FOrtofotos%22%2C%22Root+Group%2FInstituto+Geogr%C3%A1fico+Militar+del+Ecuador%2FOrtofotos%2FIGM+-+Ortofotos%22%5D%7D%2C%22Root+Group%2FInstituto+Geogr%C3%A1fico+Militar+del+Ecuador%2FOrtofotos%2FIGM+-+Ortofotos%2F2020-06-17+San+Rafael%22%3A%7B%22nowViewingIndex%22%3A1%2C%22isEnabled%22%3Atrue%2C%22isShown%22%3Atrue%2C%22isLegendVisible%22%3Atrue%2C%22useOwnClock%22%3Afalse%2C%22opacity%22%3A0.6%2C%22keepOnTop%22%3Afalse%2C%22splitDirection%22%3A1%2C%22styles%22%3A%22%22%2C%22type%22%3A%22wms%22%2C%22parents%22%3A%5B%22Root+Group%2FInstituto+Geogr%C3%A1fico+Militar+del+Ecuador%22%2C%22Root+Group%2FInstituto+Geogr%C3%A1fico+Militar+del+Ecuador%2FOrtofotos%22%2C%22Root+Group%2FInstituto+Geogr%C3%A1fico+Militar+del+Ecuador%2FOrtofotos%2FIGM+-+Ortofotos%22%5D%7D%2C%22Root+Group%2FInstituto+Geogr%C3%A1fico+Militar+del+Ecuador%2FOrtofotos%2FIGM+-+Ortofotos%2F2020-07-01+San+Rafael+IV%22%3A%7B%22nowViewingIndex%22%3A0%2C%22isEnabled%22%3Atrue%2C%22isShown%22%3Atrue%2C%22isLegendVisible%22%3Atrue%2C%22useOwnClock%22%3Afalse%2C%22opacity%22%3A1%2C%22keepOnTop%22%3Afalse%2C%22splitDirection%22%3A1%2C%22styles%22%3A%22%22%2C%22type%22%3A%22wms%22%2C%22parents%22%3A%5B%22Root+Group%2FInstituto+Geogr%C3%A1fico+Militar+del+Ecuador%22%2C%22Root+Group%2FInstituto+Geogr%C3%A1fico+Militar+del+Ecuador%2FOrtofotos%22%2C%22Root+Group%2FInstituto+Geogr%C3%A1fico+Militar+del+Ecuador%2FOrtofotos%2FIGM+-+Ortofotos%22%5D%7D%2C%22Root+Group%2FInstituto+Geogr%C3%A1fico+Militar+del+Ecuador%2FOrtofotos%2FIGM+-+Ortofotos%2FOrtofoto+del+area+de+San+rafael+hist%C3%B3rica+escala+1%3A5.000%2C+a%C3%B1o+aproximado+de+toma+2011-2012%22%3A%7B%22nowViewingIndex%22%3A4%2C%22isEnabled%22%3Atrue%2C%22isShown%22%3Atrue%2C%22isLegendVisible%22%3Atrue%2C%22useOwnClock%22%3Afalse%2C%22opacity%22%3A1%2C%22keepOnTop%22%3Afalse%2C%22splitDirection%22%3A-1%2C%22styles%22%3A%22%22%2C%22type%22%3A%22wms%22%2C%22parents%22%3A%5B%22Root+Group%2FInstituto+Geogr%C3%A1fico+Militar+del+Ecuador%22%2C%22Root+Group%2FInstituto+Geogr%C3%A1fico+Militar+del+Ecuador%2FOrtofotos%22%2C%22Root+Group%2FInstituto+Geogr%C3%A1fico+Militar+del+Ecuador%2FOrtofotos%2FIGM+-+Ortofotos%22%5D%7D%7D%7D%2C%7B%22initialCamera%22%3A%7B%22west%22%3A-77.60160684585573%2C%22south%22%3A-0.1280378229688581%2C%22east%22%3A-77.58534193038942%2C%22north%22%3A-0.11059277342934215%7D%2C%22homeCamera%22%3A%7B%22west%22%3A-93%2C%22south%22%3A-5%2C%22east%22%3A-74%2C%22north%22%3A3.0000000000000004%7D%2C%22baseMapName%22%3A%22Cartograf%C3%ADa+Base+de+Ecuador%22%2C%22viewerMode%22%3A%222d%22%2C%22currentTime%22%3A%7B%22dayNumber%22%3A2459038%2C%22secondsOfDay%22%3A15264.959%7D%2C%22showSplitter%22%3Atrue%2C%22splitPosition%22%3A0.24538258575197888%7D%5D%7D&key=1\" allowFullScreen mozAllowFullScreen webkitAllowFullScreen><\/iframe>--><br \/>\n    <!--<iframe style=\"width: 100%; height: 600px; border: none;\" src=\"https:\/\/www.geoportaligm.gob.ec\/terria#start=%7B%22version%22%3A%220.0.05%22%2C%22initSources%22%3A%5B%7B%22initFragment%22%3A%22igm_default%22%7D%2C%7B%22initFragment%22%3A%22igm1%22%7D%2C%7B%22catalog%22%3A%5B%7B%22name%22%3A%22Datos+agregados+por+el+usuario%22%2C%22description%22%3A%22El+grupo+de+datos+que+ha+agregado+el+usuario+a+trav%C3%A9s+del+panel+Agregar+datos.%22%2C%22info%22%3A%5B%5D%2C%22isUserSupplied%22%3Atrue%2C%22isPromoted%22%3Afalse%2C%22isHidden%22%3Afalse%2C%22forceProxy%22%3Afalse%2C%22customProperties%22%3A%7B%7D%2C%22id%22%3A%22Root+Group%2FDatos+agregados+por+el+usuario%22%2C%22shortReportSections%22%3A%5B%5D%2C%22isWaitingForDisclaimer%22%3Afalse%2C%22hideSource%22%3Afalse%2C%22nameInCatalog%22%3A%22Datos+agregados+por+el+usuario%22%2C%22isOpen%22%3Afalse%2C%22items%22%3A%5B%5D%2C%22preserveOrder%22%3Afalse%2C%22type%22%3A%22group%22%2C%22parents%22%3A%5B%5D%7D%5D%7D%2C%7B%22sharedCatalogMembers%22%3A%7B%22Root+Group%2FInstituto+Geogr%C3%A1fico+Militar+del+Ecuador%22%3A%7B%22isOpen%22%3Atrue%2C%22type%22%3A%22group%22%2C%22parents%22%3A%5B%5D%7D%2C%22Root+Group%2FInstituto+Geogr%C3%A1fico+Militar+del+Ecuador%2FOrtofotos%22%3A%7B%22isOpen%22%3Atrue%2C%22type%22%3A%22group%22%2C%22parents%22%3A%5B%22Root+Group%2FInstituto+Geogr%C3%A1fico+Militar+del+Ecuador%22%5D%7D%2C%22Root+Group%2FInstituto+Geogr%C3%A1fico+Militar+del+Ecuador%2FOrtofotos%2FIGM+-+Ortofotos%2F10-06-2020+san_rafael_extendida%22%3A%7B%22nowViewingIndex%22%3A2%2C%22isEnabled%22%3Atrue%2C%22isShown%22%3Afalse%2C%22isLegendVisible%22%3Atrue%2C%22useOwnClock%22%3Afalse%2C%22opacity%22%3A0.6%2C%22keepOnTop%22%3Afalse%2C%22splitDirection%22%3A0%2C%22styles%22%3A%22%22%2C%22type%22%3A%22wms%22%2C%22parents%22%3A%5B%22Root+Group%2FInstituto+Geogr%C3%A1fico+Militar+del+Ecuador%22%2C%22Root+Group%2FInstituto+Geogr%C3%A1fico+Militar+del+Ecuador%2FOrtofotos%22%2C%22Root+Group%2FInstituto+Geogr%C3%A1fico+Militar+del+Ecuador%2FOrtofotos%2FIGM+-+Ortofotos%22%5D%7D%2C%22Root+Group%2FInstituto+Geogr%C3%A1fico+Militar+del+Ecuador%2FOrtofotos%2FIGM+-+Ortofotos%2F2020-05-20-Ortofoto+de+la+Cascada+San+Rafael+-+2020%22%3A%7B%22nowViewingIndex%22%3A3%2C%22isEnabled%22%3Atrue%2C%22isShown%22%3Afalse%2C%22isLegendVisible%22%3Atrue%2C%22useOwnClock%22%3Afalse%2C%22opacity%22%3A0.6%2C%22keepOnTop%22%3Afalse%2C%22splitDirection%22%3A0%2C%22styles%22%3A%22%22%2C%22type%22%3A%22wms%22%2C%22parents%22%3A%5B%22Root+Group%2FInstituto+Geogr%C3%A1fico+Militar+del+Ecuador%22%2C%22Root+Group%2FInstituto+Geogr%C3%A1fico+Militar+del+Ecuador%2FOrtofotos%22%2C%22Root+Group%2FInstituto+Geogr%C3%A1fico+Militar+del+Ecuador%2FOrtofotos%2FIGM+-+Ortofotos%22%5D%7D%2C%22Root+Group%2FInstituto+Geogr%C3%A1fico+Militar+del+Ecuador%2FOrtofotos%2FIGM+-+Ortofotos%2F2020-06-17+San+Rafael%22%3A%7B%22nowViewingIndex%22%3A1%2C%22isEnabled%22%3Atrue%2C%22isShown%22%3Afalse%2C%22isLegendVisible%22%3Atrue%2C%22useOwnClock%22%3Afalse%2C%22opacity%22%3A0.6%2C%22keepOnTop%22%3Afalse%2C%22splitDirection%22%3A0%2C%22styles%22%3A%22%22%2C%22type%22%3A%22wms%22%2C%22parents%22%3A%5B%22Root+Group%2FInstituto+Geogr%C3%A1fico+Militar+del+Ecuador%22%2C%22Root+Group%2FInstituto+Geogr%C3%A1fico+Militar+del+Ecuador%2FOrtofotos%22%2C%22Root+Group%2FInstituto+Geogr%C3%A1fico+Militar+del+Ecuador%2FOrtofotos%2FIGM+-+Ortofotos%22%5D%7D%2C%22Root+Group%2FInstituto+Geogr%C3%A1fico+Militar+del+Ecuador%2FOrtofotos%2FIGM+-+Ortofotos%2F2020-07-01+San+Rafael+IV%22%3A%7B%22nowViewingIndex%22%3A0%2C%22isEnabled%22%3Atrue%2C%22isShown%22%3Afalse%2C%22isLegendVisible%22%3Atrue%2C%22useOwnClock%22%3Afalse%2C%22opacity%22%3A0.6%2C%22keepOnTop%22%3Afalse%2C%22splitDirection%22%3A0%2C%22styles%22%3A%22%22%2C%22type%22%3A%22wms%22%2C%22parents%22%3A%5B%22Root+Group%2FInstituto+Geogr%C3%A1fico+Militar+del+Ecuador%22%2C%22Root+Group%2FInstituto+Geogr%C3%A1fico+Militar+del+Ecuador%2FOrtofotos%22%2C%22Root+Group%2FInstituto+Geogr%C3%A1fico+Militar+del+Ecuador%2FOrtofotos%2FIGM+-+Ortofotos%22%5D%7D%2C%22Root+Group%2FInstituto+Geogr%C3%A1fico+Militar+del+Ecuador%2FOrtofotos%2FIGM+-+Ortofotos%2FAvance+Rio+Quijos+2020-07-01%22%3A%7B%22nowViewingIndex%22%3A4%2C%22isEnabled%22%3Atrue%2C%22isShown%22%3Atrue%2C%22isLegendVisible%22%3Atrue%2C%22useOwnClock%22%3Afalse%2C%22opacity%22%3A1%2C%22keepOnTop%22%3Afalse%2C%22splitDirection%22%3A1%2C%22styles%22%3A%22%22%2C%22type%22%3A%22wms%22%2C%22parents%22%3A%5B%22Root+Group%2FInstituto+Geogr%C3%A1fico+Militar+del+Ecuador%22%2C%22Root+Group%2FInstituto+Geogr%C3%A1fico+Militar+del+Ecuador%2FOrtofotos%22%2C%22Root+Group%2FInstituto+Geogr%C3%A1fico+Militar+del+Ecuador%2FOrtofotos%2FIGM+-+Ortofotos%22%5D%7D%2C%22Root+Group%2FInstituto+Geogr%C3%A1fico+Militar+del+Ecuador%2FOrtofotos%2FIGM+-+Ortofotos%2FOrtofoto+del+area+de+San+rafael+hist%C3%B3rica+escala+1%3A5.000%2C+a%C3%B1o+aproximado+de+toma+2011-2012%22%3A%7B%22nowViewingIndex%22%3A5%2C%22isEnabled%22%3Atrue%2C%22isShown%22%3Atrue%2C%22isLegendVisible%22%3Atrue%2C%22useOwnClock%22%3Afalse%2C%22opacity%22%3A1%2C%22keepOnTop%22%3Afalse%2C%22splitDirection%22%3A0%2C%22styles%22%3A%22%22%2C%22type%22%3A%22wms%22%2C%22parents%22%3A%5B%22Root+Group%2FInstituto+Geogr%C3%A1fico+Militar+del+Ecuador%22%2C%22Root+Group%2FInstituto+Geogr%C3%A1fico+Militar+del+Ecuador%2FOrtofotos%22%2C%22Root+Group%2FInstituto+Geogr%C3%A1fico+Militar+del+Ecuador%2FOrtofotos%2FIGM+-+Ortofotos%22%5D%7D%7D%7D%2C%7B%22initialCamera%22%3A%7B%22west%22%3A-77.62364387512208%2C%22south%22%3A-0.1565978961580561%2C%22east%22%3A-77.59111404418947%2C%22north%22%3A-0.12170782473060125%7D%2C%22homeCamera%22%3A%7B%22west%22%3A-93%2C%22south%22%3A-5%2C%22east%22%3A-74%2C%22north%22%3A3.0000000000000004%7D%2C%22baseMapName%22%3A%22Cartograf%C3%ADa+Base+de+Ecuador%22%2C%22viewerMode%22%3A%222d%22%2C%22currentTime%22%3A%7B%22dayNumber%22%3A2459039%2C%22secondsOfDay%22%3A10927.578%7D%2C%22showSplitter%22%3Atrue%2C%22splitPosition%22%3A0.3484075293625631%7D%5D%7D&key=1\" allowFullScreen mozAllowFullScreen webkitAllowFullScreen><\/iframe>--><br \/>\n    <!--<iframe style=\"width: 100%; height: 600px; border: none;\" src=\"https:\/\/www.geoportaligm.gob.ec\/terria#start=%7B%22version%22%3A%220.0.05%22%2C%22initSources%22%3A%5B%7B%22initFragment%22%3A%22igm_default%22%7D%2C%7B%22initFragment%22%3A%22igm1%22%7D%2C%7B%22catalog%22%3A%5B%7B%22name%22%3A%22Datos+agregados+por+el+usuario%22%2C%22description%22%3A%22El+grupo+de+datos+que+ha+agregado+el+usuario+a+trav%C3%A9s+del+panel+Agregar+datos.%22%2C%22info%22%3A%5B%5D%2C%22isUserSupplied%22%3Atrue%2C%22isPromoted%22%3Afalse%2C%22isHidden%22%3Afalse%2C%22forceProxy%22%3Afalse%2C%22customProperties%22%3A%7B%7D%2C%22id%22%3A%22Root+Group%2FDatos+agregados+por+el+usuario%22%2C%22shortReportSections%22%3A%5B%5D%2C%22isWaitingForDisclaimer%22%3Afalse%2C%22hideSource%22%3Afalse%2C%22nameInCatalog%22%3A%22Datos+agregados+por+el+usuario%22%2C%22isOpen%22%3Atrue%2C%22items%22%3A%5B%7B%22name%22%3A%22Servicio+WMS%2C+Ecuador%2C+Ortofotos+del+Ecuador+varias+escalas%22%2C%22description%22%3A%22%22%2C%22info%22%3A%5B%5D%2C%22isUserSupplied%22%3Atrue%2C%22isPromoted%22%3Afalse%2C%22isHidden%22%3Afalse%2C%22forceProxy%22%3Afalse%2C%22customProperties%22%3A%7B%7D%2C%22id%22%3A%22Root+Group%2FDatos+agregados+por+el+usuario%2FServicio+WMS%2C+Ecuador%2C+Ortofotos+del+Ecuador+varias+escalas%22%2C%22shortReportSections%22%3A%5B%5D%2C%22isWaitingForDisclaimer%22%3Afalse%2C%22hideSource%22%3Afalse%2C%22nameInCatalog%22%3A%22Servicio+WMS%2C+Ecuador%2C+Ortofotos+del+Ecuador+varias+escalas%22%2C%22isOpen%22%3Atrue%2C%22items%22%3A%5B%5D%2C%22preserveOrder%22%3Afalse%2C%22url%22%3A%22http%3A%2F%2Fwww.geoportaligm.gob.ec%2Forto%2Fsanrafael%2Fwms%3F%22%2C%22titleField%22%3A%22title%22%2C%22flatten%22%3Afalse%2C%22type%22%3A%22wms-getCapabilities%22%2C%22parents%22%3A%5B%22Root+Group%2FDatos+agregados+por+el+usuario%22%5D%7D%5D%2C%22preserveOrder%22%3Afalse%2C%22type%22%3A%22group%22%2C%22parents%22%3A%5B%5D%7D%5D%7D%2C%7B%22sharedCatalogMembers%22%3A%7B%22Root+Group%2FInstituto+Geogr%C3%A1fico+Militar+del+Ecuador%22%3A%7B%22isOpen%22%3Atrue%2C%22type%22%3A%22group%22%2C%22parents%22%3A%5B%5D%7D%2C%22Root+Group%2FDatos+agregados+por+el+usuario%22%3A%7B%22isOpen%22%3Atrue%2C%22type%22%3A%22group%22%2C%22parents%22%3A%5B%5D%7D%2C%22Root+Group%2FDatos+agregados+por+el+usuario%2FServicio+WMS%2C+Ecuador%2C+Ortofotos+del+Ecuador+varias+escalas%22%3A%7B%22isOpen%22%3Atrue%2C%22type%22%3A%22wms-getCapabilities%22%2C%22parents%22%3A%5B%22Root+Group%2FDatos+agregados+por+el+usuario%22%5D%7D%2C%22Root+Group%2FDatos+agregados+por+el+usuario%2FServicio+WMS%2C+Ecuador%2C+Ortofotos+del+Ecuador+varias+escalas%2F10-06-2020+san_rafael_extendida%22%3A%7B%22nowViewingIndex%22%3A2%2C%22isEnabled%22%3Atrue%2C%22isShown%22%3Afalse%2C%22isLegendVisible%22%3Atrue%2C%22useOwnClock%22%3Afalse%2C%22opacity%22%3A1%2C%22keepOnTop%22%3Afalse%2C%22splitDirection%22%3A1%2C%22styles%22%3A%22%22%2C%22type%22%3A%22wms%22%2C%22parents%22%3A%5B%22Root+Group%2FDatos+agregados+por+el+usuario%22%2C%22Root+Group%2FDatos+agregados+por+el+usuario%2FServicio+WMS%2C+Ecuador%2C+Ortofotos+del+Ecuador+varias+escalas%22%5D%7D%2C%22Root+Group%2FDatos+agregados+por+el+usuario%2FServicio+WMS%2C+Ecuador%2C+Ortofotos+del+Ecuador+varias+escalas%2F2020-05-20-Ortofoto+de+la+Cascada+San+Rafael+-+2020%22%3A%7B%22nowViewingIndex%22%3A3%2C%22isEnabled%22%3Atrue%2C%22isShown%22%3Afalse%2C%22isLegendVisible%22%3Atrue%2C%22useOwnClock%22%3Afalse%2C%22opacity%22%3A1%2C%22keepOnTop%22%3Afalse%2C%22splitDirection%22%3A1%2C%22styles%22%3A%22%22%2C%22type%22%3A%22wms%22%2C%22parents%22%3A%5B%22Root+Group%2FDatos+agregados+por+el+usuario%22%2C%22Root+Group%2FDatos+agregados+por+el+usuario%2FServicio+WMS%2C+Ecuador%2C+Ortofotos+del+Ecuador+varias+escalas%22%5D%7D%2C%22Root+Group%2FDatos+agregados+por+el+usuario%2FServicio+WMS%2C+Ecuador%2C+Ortofotos+del+Ecuador+varias+escalas%2F2020-06-17+San+Rafael%22%3A%7B%22nowViewingIndex%22%3A1%2C%22isEnabled%22%3Atrue%2C%22isShown%22%3Afalse%2C%22isLegendVisible%22%3Atrue%2C%22useOwnClock%22%3Afalse%2C%22opacity%22%3A1%2C%22keepOnTop%22%3Afalse%2C%22splitDirection%22%3A1%2C%22styles%22%3A%22%22%2C%22type%22%3A%22wms%22%2C%22parents%22%3A%5B%22Root+Group%2FDatos+agregados+por+el+usuario%22%2C%22Root+Group%2FDatos+agregados+por+el+usuario%2FServicio+WMS%2C+Ecuador%2C+Ortofotos+del+Ecuador+varias+escalas%22%5D%7D%2C%22Root+Group%2FDatos+agregados+por+el+usuario%2FServicio+WMS%2C+Ecuador%2C+Ortofotos+del+Ecuador+varias+escalas%2F2020-07-01+San+Rafael+IV%22%3A%7B%22nowViewingIndex%22%3A0%2C%22isEnabled%22%3Atrue%2C%22isShown%22%3Afalse%2C%22isLegendVisible%22%3Atrue%2C%22useOwnClock%22%3Afalse%2C%22opacity%22%3A1%2C%22keepOnTop%22%3Afalse%2C%22splitDirection%22%3A1%2C%22styles%22%3A%22%22%2C%22type%22%3A%22wms%22%2C%22parents%22%3A%5B%22Root+Group%2FDatos+agregados+por+el+usuario%22%2C%22Root+Group%2FDatos+agregados+por+el+usuario%2FServicio+WMS%2C+Ecuador%2C+Ortofotos+del+Ecuador+varias+escalas%22%5D%7D%2C%22Root+Group%2FDatos+agregados+por+el+usuario%2FServicio+WMS%2C+Ecuador%2C+Ortofotos+del+Ecuador+varias+escalas%2F2020-07-08+Rio+Quijos+erosion%22%3A%7B%22nowViewingIndex%22%3A4%2C%22isEnabled%22%3Atrue%2C%22isShown%22%3Atrue%2C%22isLegendVisible%22%3Atrue%2C%22useOwnClock%22%3Afalse%2C%22opacity%22%3A1%2C%22keepOnTop%22%3Afalse%2C%22splitDirection%22%3A1%2C%22styles%22%3A%22%22%2C%22type%22%3A%22wms%22%2C%22parents%22%3A%5B%22Root+Group%2FDatos+agregados+por+el+usuario%22%2C%22Root+Group%2FDatos+agregados+por+el+usuario%2FServicio+WMS%2C+Ecuador%2C+Ortofotos+del+Ecuador+varias+escalas%22%5D%7D%2C%22Root+Group%2FDatos+agregados+por+el+usuario%2FServicio+WMS%2C+Ecuador%2C+Ortofotos+del+Ecuador+varias+escalas%2FAvance+Rio+Quijos+2020-07-01%22%3A%7B%22nowViewingIndex%22%3A5%2C%22isEnabled%22%3Atrue%2C%22isShown%22%3Atrue%2C%22isLegendVisible%22%3Atrue%2C%22useOwnClock%22%3Afalse%2C%22opacity%22%3A1%2C%22keepOnTop%22%3Afalse%2C%22splitDirection%22%3A1%2C%22styles%22%3A%22%22%2C%22type%22%3A%22wms%22%2C%22parents%22%3A%5B%22Root+Group%2FDatos+agregados+por+el+usuario%22%2C%22Root+Group%2FDatos+agregados+por+el+usuario%2FServicio+WMS%2C+Ecuador%2C+Ortofotos+del+Ecuador+varias+escalas%22%5D%7D%2C%22Root+Group%2FDatos+agregados+por+el+usuario%2FServicio+WMS%2C+Ecuador%2C+Ortofotos+del+Ecuador+varias+escalas%2FOrtofoto+del+area+de+San+rafael+hist%C3%B3rica+escala+1%3A5.000%2C+a%C3%B1o+aproximado+de+toma+2011-2012%22%3A%7B%22nowViewingIndex%22%3A6%2C%22isEnabled%22%3Atrue%2C%22isShown%22%3Atrue%2C%22isLegendVisible%22%3Atrue%2C%22useOwnClock%22%3Afalse%2C%22opacity%22%3A0.98%2C%22keepOnTop%22%3Afalse%2C%22splitDirection%22%3A0%2C%22styles%22%3A%22%22%2C%22type%22%3A%22wms%22%2C%22parents%22%3A%5B%22Root+Group%2FDatos+agregados+por+el+usuario%22%2C%22Root+Group%2FDatos+agregados+por+el+usuario%2FServicio+WMS%2C+Ecuador%2C+Ortofotos+del+Ecuador+varias+escalas%22%5D%7D%7D%7D%2C%7B%22initialCamera%22%3A%7B%22west%22%3A-77.60257244110109%2C%22south%22%3A-0.12627829818835704%2C%22east%22%3A-77.59443998336793%2C%22north%22%3A-0.11755577422714061%7D%2C%22homeCamera%22%3A%7B%22west%22%3A-93%2C%22south%22%3A-5%2C%22east%22%3A-74%2C%22north%22%3A3.0000000000000004%7D%2C%22baseMapName%22%3A%22Cartograf%C3%ADa+Base+de+Ecuador%22%2C%22viewerMode%22%3A%222d%22%2C%22currentTime%22%3A%7B%22dayNumber%22%3A2459041%2C%22secondsOfDay%22%3A16352.336%7D%2C%22showSplitter%22%3Atrue%2C%22splitPosition%22%3A0.3510469803425825%7D%5D%7D&key=1\" allowFullScreen mozAllowFullScreen webkitAllowFullScreen><\/iframe> --><br \/>\n    <!--<iframe style=\"width: 100%; height: 600px; border: none;\" src=\"https:\/\/www.geoportaligm.gob.ec\/terria#start=%7B%22version%22%3A%220.0.05%22%2C%22initSources%22%3A%5B%7B%22initFragment%22%3A%22igm_default%22%7D%2C%7B%22initFragment%22%3A%22igm1%22%7D%2C%7B%22catalog%22%3A%5B%7B%22name%22%3A%22Datos+agregados+por+el+usuario%22%2C%22description%22%3A%22El+grupo+de+datos+que+ha+agregado+el+usuario+a+trav%C3%A9s+del+panel+Agregar+datos.%22%2C%22info%22%3A%5B%5D%2C%22isUserSupplied%22%3Atrue%2C%22isPromoted%22%3Afalse%2C%22isHidden%22%3Afalse%2C%22forceProxy%22%3Afalse%2C%22customProperties%22%3A%7B%7D%2C%22id%22%3A%22Root+Group%2FDatos+agregados+por+el+usuario%22%2C%22shortReportSections%22%3A%5B%5D%2C%22isWaitingForDisclaimer%22%3Afalse%2C%22hideSource%22%3Afalse%2C%22nameInCatalog%22%3A%22Datos+agregados+por+el+usuario%22%2C%22isOpen%22%3Atrue%2C%22items%22%3A%5B%7B%22name%22%3A%22wms%3F%22%2C%22description%22%3A%22%22%2C%22info%22%3A%5B%5D%2C%22isUserSupplied%22%3Atrue%2C%22isPromoted%22%3Afalse%2C%22isHidden%22%3Afalse%2C%22forceProxy%22%3Afalse%2C%22customProperties%22%3A%7B%7D%2C%22id%22%3A%22Root+Group%2FDatos+agregados+por+el+usuario%2Fwms%3F%22%2C%22shortReportSections%22%3A%5B%5D%2C%22isWaitingForDisclaimer%22%3Afalse%2C%22hideSource%22%3Afalse%2C%22nameInCatalog%22%3A%22wms%3F%22%2C%22isOpen%22%3Atrue%2C%22items%22%3A%5B%5D%2C%22preserveOrder%22%3Afalse%2C%22url%22%3A%22http%3A%2F%2Fwww.geoportaligm.gob.ec%2Forto%2Fsanrafael%2Fwms%3F%22%2C%22titleField%22%3A%22title%22%2C%22flatten%22%3Afalse%2C%22type%22%3A%22wms-getCapabilities%22%2C%22parents%22%3A%5B%22Root+Group%2FDatos+agregados+por+el+usuario%22%5D%7D%2C%7B%22name%22%3A%22wms%3F%22%2C%22description%22%3A%22%22%2C%22info%22%3A%5B%5D%2C%22isUserSupplied%22%3Atrue%2C%22isPromoted%22%3Afalse%2C%22isHidden%22%3Afalse%2C%22forceProxy%22%3Afalse%2C%22customProperties%22%3A%7B%7D%2C%22id%22%3A%22Root+Group%2FDatos+agregados+por+el+usuario%2Fwms%3F+%281%29%22%2C%22shortReportSections%22%3A%5B%5D%2C%22isWaitingForDisclaimer%22%3Afalse%2C%22hideSource%22%3Afalse%2C%22nameInCatalog%22%3A%22wms%3F%22%2C%22isOpen%22%3Atrue%2C%22items%22%3A%5B%5D%2C%22preserveOrder%22%3Afalse%2C%22url%22%3A%22http%3A%2F%2Fwww.geoportaligm.gob.ec%2Forto%2Fsanrafael%2Fwms%3F%22%2C%22titleField%22%3A%22title%22%2C%22flatten%22%3Afalse%2C%22type%22%3A%22wms-getCapabilities%22%2C%22parents%22%3A%5B%22Root+Group%2FDatos+agregados+por+el+usuario%22%5D%7D%5D%2C%22preserveOrder%22%3Afalse%2C%22type%22%3A%22group%22%2C%22parents%22%3A%5B%5D%7D%5D%7D%2C%7B%22sharedCatalogMembers%22%3A%7B%22Root+Group%2FInstituto+Geogr%C3%A1fico+Militar+del+Ecuador%22%3A%7B%22isOpen%22%3Atrue%2C%22type%22%3A%22group%22%2C%22parents%22%3A%5B%5D%7D%2C%22Root+Group%2FDatos+agregados+por+el+usuario%22%3A%7B%22isOpen%22%3Atrue%2C%22type%22%3A%22group%22%2C%22parents%22%3A%5B%5D%7D%2C%22Root+Group%2FDatos+agregados+por+el+usuario%2Fwms%3F%22%3A%7B%22isOpen%22%3Atrue%2C%22type%22%3A%22wms-getCapabilities%22%2C%22parents%22%3A%5B%22Root+Group%2FDatos+agregados+por+el+usuario%22%5D%7D%2C%22Root+Group%2FDatos+agregados+por+el+usuario%2Fwms%3F%2F2020-07-22+Erosion+Rio+Quijos%22%3A%7B%22nowViewingIndex%22%3A0%2C%22isEnabled%22%3Atrue%2C%22isShown%22%3Atrue%2C%22isLegendVisible%22%3Afalse%2C%22useOwnClock%22%3Afalse%2C%22opacity%22%3A1%2C%22keepOnTop%22%3Afalse%2C%22splitDirection%22%3A1%2C%22styles%22%3A%22%22%2C%22type%22%3A%22wms%22%2C%22parents%22%3A%5B%22Root+Group%2FDatos+agregados+por+el+usuario%22%2C%22Root+Group%2FDatos+agregados+por+el+usuario%2Fwms%3F%22%5D%7D%2C%22Root+Group%2FDatos+agregados+por+el+usuario%2Fwms%3F%2FOIII-A2_TECALT%22%3A%7B%22nowViewingIndex%22%3A3%2C%22isEnabled%22%3Atrue%2C%22isShown%22%3Atrue%2C%22isLegendVisible%22%3Atrue%2C%22useOwnClock%22%3Afalse%2C%22opacity%22%3A1%2C%22keepOnTop%22%3Afalse%2C%22splitDirection%22%3A0%2C%22styles%22%3A%22%22%2C%22type%22%3A%22wms%22%2C%22parents%22%3A%5B%22Root+Group%2FDatos+agregados+por+el+usuario%22%2C%22Root+Group%2FDatos+agregados+por+el+usuario%2Fwms%3F%22%5D%7D%2C%22Root+Group%2FDatos+agregados+por+el+usuario%2Fwms%3F%2FOIII-A4_TECALT%22%3A%7B%22nowViewingIndex%22%3A2%2C%22isEnabled%22%3Atrue%2C%22isShown%22%3Atrue%2C%22isLegendVisible%22%3Afalse%2C%22useOwnClock%22%3Afalse%2C%22opacity%22%3A1%2C%22keepOnTop%22%3Afalse%2C%22splitDirection%22%3A0%2C%22styles%22%3A%22%22%2C%22type%22%3A%22wms%22%2C%22parents%22%3A%5B%22Root+Group%2FDatos+agregados+por+el+usuario%22%2C%22Root+Group%2FDatos+agregados+por+el+usuario%2Fwms%3F%22%5D%7D%2C%22Root+Group%2FDatos+agregados+por+el+usuario%2Fwms%3F+%281%29%22%3A%7B%22isOpen%22%3Atrue%2C%22type%22%3A%22wms-getCapabilities%22%2C%22parents%22%3A%5B%22Root+Group%2FDatos+agregados+por+el+usuario%22%5D%7D%2C%22Root+Group%2FDatos+agregados+por+el+usuario%2Fwms%3F+%281%29%2F2020-07-08+Rio+Quijos+Avance+Completo%22%3A%7B%22nowViewingIndex%22%3A1%2C%22isEnabled%22%3Atrue%2C%22isShown%22%3Atrue%2C%22isLegendVisible%22%3Afalse%2C%22useOwnClock%22%3Afalse%2C%22opacity%22%3A1%2C%22keepOnTop%22%3Afalse%2C%22splitDirection%22%3A1%2C%22styles%22%3A%22%22%2C%22type%22%3A%22wms%22%2C%22parents%22%3A%5B%22Root+Group%2FDatos+agregados+por+el+usuario%22%2C%22Root+Group%2FDatos+agregados+por+el+usuario%2Fwms%3F+%281%29%22%5D%7D%7D%7D%2C%7B%22initialCamera%22%3A%7B%22west%22%3A-77.66449928283691%2C%22south%22%3A-0.18453566118432485%2C%22east%22%3A-77.5994396209717%2C%22north%22%3A-0.11475555377024688%7D%2C%22homeCamera%22%3A%7B%22west%22%3A-93%2C%22south%22%3A-5%2C%22east%22%3A-74%2C%22north%22%3A3.0000000000000004%7D%2C%22baseMapName%22%3A%22Cartograf%C3%ADa+Base+de+Ecuador%22%2C%22viewerMode%22%3A%222d%22%2C%22currentTime%22%3A%7B%22dayNumber%22%3A2459059%2C%22secondsOfDay%22%3A23869.694%7D%2C%22showSplitter%22%3Atrue%2C%22splitPosition%22%3A0.5789647213979559%7D%5D%7D&key=1\" allowFullScreen mozAllowFullScreen webkitAllowFullScreen><\/iframe>--><br \/>\n    <!--<iframe style=\"width: 100%; height: 600px; border: none;\" src=\"https:\/\/www.geoportaligm.gob.ec\/terria#start=%7B%22version%22%3A%220.0.05%22%2C%22initSources%22%3A%5B%7B%22initFragment%22%3A%22igm_default%22%7D%2C%7B%22initFragment%22%3A%22igm1%22%7D%2C%7B%22catalog%22%3A%5B%7B%22name%22%3A%22Datos+agregados+por+el+usuario%22%2C%22description%22%3A%22El+grupo+de+datos+que+ha+agregado+el+usuario+a+trav%C3%A9s+del+panel+Agregar+datos.%22%2C%22info%22%3A%5B%5D%2C%22isUserSupplied%22%3Atrue%2C%22isPromoted%22%3Afalse%2C%22isHidden%22%3Afalse%2C%22forceProxy%22%3Afalse%2C%22customProperties%22%3A%7B%7D%2C%22id%22%3A%22Root+Group%2FDatos+agregados+por+el+usuario%22%2C%22shortReportSections%22%3A%5B%5D%2C%22isWaitingForDisclaimer%22%3Afalse%2C%22hideSource%22%3Afalse%2C%22nameInCatalog%22%3A%22Datos+agregados+por+el+usuario%22%2C%22isOpen%22%3Atrue%2C%22items%22%3A%5B%7B%22name%22%3A%22wms%3F%22%2C%22description%22%3A%22%22%2C%22info%22%3A%5B%5D%2C%22isUserSupplied%22%3Atrue%2C%22isPromoted%22%3Afalse%2C%22isHidden%22%3Afalse%2C%22forceProxy%22%3Afalse%2C%22customProperties%22%3A%7B%7D%2C%22id%22%3A%22Root+Group%2FDatos+agregados+por+el+usuario%2Fwms%3F%22%2C%22shortReportSections%22%3A%5B%5D%2C%22isWaitingForDisclaimer%22%3Afalse%2C%22hideSource%22%3Afalse%2C%22nameInCatalog%22%3A%22wms%3F%22%2C%22isOpen%22%3Atrue%2C%22items%22%3A%5B%5D%2C%22preserveOrder%22%3Afalse%2C%22url%22%3A%22http%3A%2F%2Fwww.geoportaligm.gob.ec%2Forto%2Fsanrafael%2Fwms%3F%22%2C%22titleField%22%3A%22title%22%2C%22flatten%22%3Afalse%2C%22type%22%3A%22wms-getCapabilities%22%2C%22parents%22%3A%5B%22Root+Group%2FDatos+agregados+por+el+usuario%22%5D%7D%5D%2C%22preserveOrder%22%3Afalse%2C%22type%22%3A%22group%22%2C%22parents%22%3A%5B%5D%7D%5D%7D%2C%7B%22sharedCatalogMembers%22%3A%7B%22Root+Group%2FInstituto+Geogr%C3%A1fico+Militar+del+Ecuador%22%3A%7B%22isOpen%22%3Atrue%2C%22type%22%3A%22group%22%2C%22parents%22%3A%5B%5D%7D%2C%22Root+Group%2FDatos+agregados+por+el+usuario%22%3A%7B%22isOpen%22%3Atrue%2C%22type%22%3A%22group%22%2C%22parents%22%3A%5B%5D%7D%2C%22Root+Group%2FDatos+agregados+por+el+usuario%2Fwms%3F%22%3A%7B%22isOpen%22%3Atrue%2C%22type%22%3A%22wms-getCapabilities%22%2C%22parents%22%3A%5B%22Root+Group%2FDatos+agregados+por+el+usuario%22%5D%7D%2C%22Root+Group%2FDatos+agregados+por+el+usuario%2Fwms%3F%2F2020-07-08+Rio+Quijos+Avance+Completo%22%3A%7B%22nowViewingIndex%22%3A1%2C%22isEnabled%22%3Atrue%2C%22isShown%22%3Atrue%2C%22isLegendVisible%22%3Atrue%2C%22useOwnClock%22%3Afalse%2C%22opacity%22%3A1%2C%22keepOnTop%22%3Afalse%2C%22splitDirection%22%3A1%2C%22styles%22%3A%22%22%2C%22type%22%3A%22wms%22%2C%22parents%22%3A%5B%22Root+Group%2FDatos+agregados+por+el+usuario%22%2C%22Root+Group%2FDatos+agregados+por+el+usuario%2Fwms%3F%22%5D%7D%2C%22Root+Group%2FDatos+agregados+por+el+usuario%2Fwms%3F%2F2020-08-24+Erosion+Rio+Quijos%22%3A%7B%22nowViewingIndex%22%3A0%2C%22isEnabled%22%3Atrue%2C%22isShown%22%3Atrue%2C%22isLegendVisible%22%3Atrue%2C%22useOwnClock%22%3Afalse%2C%22opacity%22%3A1%2C%22keepOnTop%22%3Afalse%2C%22splitDirection%22%3A1%2C%22styles%22%3A%22%22%2C%22type%22%3A%22wms%22%2C%22parents%22%3A%5B%22Root+Group%2FDatos+agregados+por+el+usuario%22%2C%22Root+Group%2FDatos+agregados+por+el+usuario%2Fwms%3F%22%5D%7D%2C%22Root+Group%2FDatos+agregados+por+el+usuario%2Fwms%3F%2FOIII-A2_TECALT%22%3A%7B%22nowViewingIndex%22%3A3%2C%22isEnabled%22%3Atrue%2C%22isShown%22%3Atrue%2C%22isLegendVisible%22%3Atrue%2C%22useOwnClock%22%3Afalse%2C%22opacity%22%3A0.98%2C%22keepOnTop%22%3Afalse%2C%22splitDirection%22%3A0%2C%22styles%22%3A%22%22%2C%22type%22%3A%22wms%22%2C%22parents%22%3A%5B%22Root+Group%2FDatos+agregados+por+el+usuario%22%2C%22Root+Group%2FDatos+agregados+por+el+usuario%2Fwms%3F%22%5D%7D%2C%22Root+Group%2FDatos+agregados+por+el+usuario%2Fwms%3F%2FOIII-A4_TECALT%22%3A%7B%22nowViewingIndex%22%3A2%2C%22isEnabled%22%3Atrue%2C%22isShown%22%3Atrue%2C%22isLegendVisible%22%3Atrue%2C%22useOwnClock%22%3Afalse%2C%22opacity%22%3A1%2C%22keepOnTop%22%3Afalse%2C%22splitDirection%22%3A0%2C%22styles%22%3A%22%22%2C%22type%22%3A%22wms%22%2C%22parents%22%3A%5B%22Root+Group%2FDatos+agregados+por+el+usuario%22%2C%22Root+Group%2FDatos+agregados+por+el+usuario%2Fwms%3F%22%5D%7D%7D%7D%2C%7B%22initialCamera%22%3A%7B%22west%22%3A-77.63862133026124%2C%22south%22%3A-0.16290642723634557%2C%22east%22%3A-77.57369041442873%2C%22north%22%3A-0.128574263426772%7D%2C%22homeCamera%22%3A%7B%22west%22%3A-93%2C%22south%22%3A-5%2C%22east%22%3A-74%2C%22north%22%3A3.0000000000000004%7D%2C%22baseMapName%22%3A%22Cartograf%C3%ADa+Base+de+Ecuador%22%2C%22viewerMode%22%3A%222d%22%2C%22currentTime%22%3A%7B%22dayNumber%22%3A2459089%2C%22secondsOfDay%22%3A22073.949%7D%2C%22showSplitter%22%3Atrue%2C%22splitPosition%22%3A0.4084600132187707%7D%5D%7D\" allowFullScreen mozAllowFullScreen webkitAllowFullScreen><\/iframe>--><br \/>\n    <iframe style=\"width: 100%; height: 600px; border: none;\" src=\"https:\/\/www.geoportaligm.gob.ec\/terria#rioquijos\"\n        allowFullScreen mozAllowFullScreen webkitAllowFullScreen><\/iframe><br \/>\n    <!--\n\n<section id=\"msg-box8-1\" \nstyle=\"background-image: url(assets\/images\/desert.jpg); padding-top: 120px; padding-bottom: 120px;\">\n                \n\n<h3>ARTICLE HEADER<\/h3>\n\n\n                \n\n<p>Article header with background image and parallax effect.<\/p>\n\n\n<\/section>\n\n--><br \/>\n    <meta name=\"viewport\" content=\"width=device-width, initial-scale=1\">\n    <link rel=\"stylesheet\" href=\"https:\/\/maxcdn.bootstrapcdn.com\/bootstrap\/3.4.0\/css\/bootstrap.min.css\">\n                <!--\n\n<h2>Descargas de Informaci\u00f3n recopilada por el IGM - Erosi\u00f3n R\u00edo Quijos<\/h2>\n\n--><\/p>\n<h1>\n<p style=\"font-size:30px; color:#228b22;\">Informes erosi\u00f3n R\u00edo Quijos<\/p>\n<\/h1>\n<h4>\n                        <a data-toggle=\"collapse\" data-parent=\"#accordion\" href=\"#collapse1\"> Informes T\u00e9cnicos<\/a><br \/>\n                    <\/h4>\n<p>                        <div class='w3eden'><!-- WPDM Link Template: Default Template -->\n\n\n<div class=\"wpdm-link-template link-template-default thumbnail\" >\n\n    <div class=\"media\" style=\"display: flex\">\n        <div class=\"pull-left\"><img class=\"wpdm_icon\" alt=\"Icono\"   src=\"https:\/\/www.geoportaligm.gob.ec\/portal\/wp-content\/plugins\/download-manager\/assets\/file-type-icons\/pdf.svg\" \/><\/div>\n        <div class=\"media-body\"><h3 class=\"package-title\">Capacidades y Apoyo del IGM para estudios de erosi\u00f3n en el r\u00edo Quijos<\/h3>\n            <small class=\"text-muted\"><i class=\"fas fa-copy\"><\/i> 1 file(s) &nbsp; <i class=\"fas fa-hdd\"><\/i> 1Mb<\/small>\n        <\/div>\n        <div>\n            <a class='wpdm-download-link btn btn-primary ' rel='nofollow' href='#' onclick=\"location.href='https:\/\/www.geoportaligm.gob.ec\/portal\/index.php\/download\/informe-capacidades-igm\/?wpdmdl=4565&refresh=69f356e0262711777555168';return false;\">Descargar<\/a>\n        <\/div>\n    <\/div>\n\n<\/div>\n<div style=\"clear: both\"><\/div>\n\n<\/div><br \/>\n                        <div class='w3eden'><!-- WPDM Link Template: Default Template -->\n\n\n<div class=\"wpdm-link-template link-template-default thumbnail\" >\n\n    <div class=\"media\" style=\"display: flex\">\n        <div class=\"pull-left\"><img class=\"wpdm_icon\" alt=\"Icono\"   src=\"https:\/\/www.geoportaligm.gob.ec\/portal\/wp-content\/plugins\/download-manager\/assets\/file-type-icons\/pdf.svg\" \/><\/div>\n        <div class=\"media-body\"><h3 class=\"package-title\">Informe de Nombres Geogr\u00e1ficos<\/h3>\n            <small class=\"text-muted\"><i class=\"fas fa-copy\"><\/i> 1 file(s) &nbsp; <i class=\"fas fa-hdd\"><\/i> 1.3 MB<\/small>\n        <\/div>\n        <div>\n            <a class='wpdm-download-link btn btn-primary ' rel='nofollow' href='#' onclick=\"location.href='https:\/\/www.geoportaligm.gob.ec\/portal\/index.php\/download\/informe-de-nombre-geograficos\/?wpdmdl=4572&refresh=69f356e026d891777555168';return false;\">Descargar<\/a>\n        <\/div>\n    <\/div>\n\n<\/div>\n<div style=\"clear: both\"><\/div>\n\n<\/div> <!--Datos anteriores 08\/10\/2022--><br \/>\n                        <!--<iframe loading=\"lazy\" width=\"800\" height=\"300\"\n                            src=\"https:\/\/www.geoportaligm.gob.ec\/nextcloud\/index.php\/s\/kNYtntdQMMeqKdA\" frameborder=\"0\"\n                            allow=\"accelerometer; autoplay; encrypted-media; gyroscope; picture-in-picture\"\n                            allowfullscreen><\/iframe>--><br \/>\n            &nbsp;<br \/>\n                <!--\n\n<h2>Descargas de Informaci\u00f3n recopilada por el IGM - Erosi\u00f3n R\u00edo Quijos<\/h2>\n\n--><\/p>\n<p style=\"font-size:30px; color:#228b22;\">Productos elaborados y registrados: 2025 &#8211; 2020<\/p>\n<h4>\n                        <a data-toggle=\"collapse\" data-parent=\"#accordion\" href=\"#collapse47\">Toma de Fotograf\u00eda A\u00e9rea<br \/>\n                            R\u00edo Quijos 23-09-2025<br \/>\n                        <\/a><br \/>\n                    <\/h4>\n<p>                        <iframe loading=\"lazy\" width=\"100%\" height=\"450\"\n                            src=\"https:\/\/www.geoportaligm.gob.ec\/nextcloud\/index.php\/s\/XHgJDFQRM8a579x\"\n                            frameborder=\"0\"\n                            allow=\"accelerometer; autoplay; encrypted-media; gyroscope; picture-in-picture\"\n                            allowfullscreen><\/iframe><\/p>\n<h4>\n                        <a data-toggle=\"collapse\" data-parent=\"#accordion\" href=\"#collapse47\">Toma de Fotograf\u00eda A\u00e9rea<br \/>\n                            R\u00edo Quijos 28-05-2025<br \/>\n                        <\/a><br \/>\n                    <\/h4>\n<p>                        <iframe loading=\"lazy\" width=\"100%\" height=\"450\"\n                            src=\"https:\/\/www.geoportaligm.gob.ec\/nextcloud\/index.php\/s\/rio%20quijos%202025\"\n                            frameborder=\"0\"\n                            allow=\"accelerometer; autoplay; encrypted-media; gyroscope; picture-in-picture\"\n                            allowfullscreen><\/iframe><\/p>\n<h4>\n                        <a data-toggle=\"collapse\" data-parent=\"#accordion\" href=\"#collapse48\">Toma de Fotograf\u00eda A\u00e9rea<br \/>\n                            R\u00edo Quijos 26-02-2025<br \/>\n                        <\/a><br \/>\n                    <\/h4>\n<p>                        <iframe loading=\"lazy\" width=\"100%\" height=\"450\"\n                            src=\"https:\/\/www.geoportaligm.gob.ec\/nextcloud\/index.php\/s\/rio%20quijos%20feb%202025\"\n                            frameborder=\"0\"\n                            allow=\"accelerometer; autoplay; encrypted-media; gyroscope; picture-in-picture\"\n                            allowfullscreen><\/iframe><\/p>\n<h4>\n                        <a data-toggle=\"collapse\" data-parent=\"#accordion\" href=\"#collapse46\">Toma de Fotograf\u00eda A\u00e9rea<br \/>\n                            R\u00edo Quijos 20-09-2024<br \/>\n                        <\/a><br \/>\n                    <\/h4>\n<p>                        <iframe loading=\"lazy\" width=\"100%\" height=\"450\"\n                            src=\"https:\/\/www.geoportaligm.gob.ec\/nextcloud\/index.php\/s\/aYnMDYqFDeQncLM\" frameborder=\"0\"\n                            allow=\"accelerometer; autoplay; encrypted-media; gyroscope; picture-in-picture\"\n                            allowfullscreen><\/iframe><\/p>\n<h4>\n                        <a data-toggle=\"collapse\" data-parent=\"#accordion\" href=\"#collapse45\">Toma de Fotograf\u00eda A\u00e9rea<br \/>\n                            R\u00edo Quijos 17-05-2024<br \/>\n                        <\/a><br \/>\n                    <\/h4>\n<p>                        <iframe loading=\"lazy\" width=\"100%\" height=\"450\"\n                            src=\"https:\/\/www.geoportaligm.gob.ec\/nextcloud\/index.php\/s\/fDCwYSaiMgqZpeH\" frameborder=\"0\"\n                            allow=\"accelerometer; autoplay; encrypted-media; gyroscope; picture-in-picture\"\n                            allowfullscreen><\/iframe><\/p>\n<h4>\n                        <a data-toggle=\"collapse\" data-parent=\"#accordion\" href=\"#collapse44\">Toma de Fotograf\u00eda A\u00e9rea<br \/>\n                            R\u00edo Quijos 09-11-2022<br \/>\n                        <\/a><br \/>\n                    <\/h4>\n<p>                        <iframe loading=\"lazy\" width=\"100%\" height=\"350\"\n                            src=\"https:\/\/www.geoportaligm.gob.ec\/nextcloud\/index.php\/s\/jxmRESbMqkWxRYY\" frameborder=\"0\"\n                            allow=\"accelerometer; autoplay; encrypted-media; gyroscope; picture-in-picture\"\n                            allowfullscreen><\/iframe><\/p>\n<h4>\n                        <a data-toggle=\"collapse\" data-parent=\"#accordion\" href=\"#collapse42\">Toma de Fotograf\u00eda A\u00e9rea<br \/>\n                            R\u00edo Quijos 27-09-2022<br \/>\n                        <\/a><br \/>\n                    <\/h4>\n<p>                        <iframe loading=\"lazy\" width=\"100%\" height=\"350\"\n                            src=\"https:\/\/www.geoportaligm.gob.ec\/nextcloud\/index.php\/s\/dx4tM8P9tZxjEbe\" frameborder=\"0\"\n                            allow=\"accelerometer; autoplay; encrypted-media; gyroscope; picture-in-picture\"\n                            allowfullscreen><\/iframe><\/p>\n<h4>\n                        <a data-toggle=\"collapse\" data-parent=\"#accordion\" href=\"#collapse41\">Toma de Fotograf\u00eda A\u00e9rea<br \/>\n                            R\u00edo Quijos 29-08-2022<br \/>\n                        <\/a><br \/>\n                    <\/h4>\n<p>                        <iframe loading=\"lazy\" width=\"100%\" height=\"350\"\n                            src=\"https:\/\/www.geoportaligm.gob.ec\/nextcloud\/index.php\/s\/WmNX8H3AtLbyoBL\" frameborder=\"0\"\n                            allow=\"accelerometer; autoplay; encrypted-media; gyroscope; picture-in-picture\"\n                            allowfullscreen><\/iframe><\/p>\n<h4>\n                        <a data-toggle=\"collapse\" data-parent=\"#accordion\" href=\"#collapse40\">Toma de Fotograf\u00eda A\u00e9rea<br \/>\n                            R\u00edo Quijos 14-07-2022<br \/>\n                        <\/a><br \/>\n                    <\/h4>\n<p>                        <iframe loading=\"lazy\" width=\"100%\" height=\"350\"\n                            src=\"https:\/\/www.geoportaligm.gob.ec\/nextcloud\/index.php\/s\/Py8DQPcJiGmeMdW\" frameborder=\"0\"\n                            allow=\"accelerometer; autoplay; encrypted-media; gyroscope; picture-in-picture\"\n                            allowfullscreen><\/iframe><\/p>\n<h4>\n                        <a data-toggle=\"collapse\" data-parent=\"#accordion\" href=\"#collapse39\">Toma de Fotograf\u00eda A\u00e9rea<br \/>\n                            R\u00edo Quijos 31-05-2022<br \/>\n                        <\/a><br \/>\n                    <\/h4>\n<p>                        <iframe loading=\"lazy\" width=\"100%\" height=\"350\"\n                            src=\"https:\/\/www.geoportaligm.gob.ec\/nextcloud\/index.php\/s\/fa2022-05-31\" frameborder=\"0\"\n                            allow=\"accelerometer; autoplay; encrypted-media; gyroscope; picture-in-picture\"\n                            allowfullscreen><\/iframe><\/p>\n<h4>\n                        <a data-toggle=\"collapse\" data-parent=\"#accordion\" href=\"#collapse38\">Toma de Fotograf\u00eda A\u00e9rea<br \/>\n                            R\u00edo Quijos 27-04-2022<br \/>\n                        <\/a><br \/>\n                    <\/h4>\n<p>                        <div class='w3eden'><!-- WPDM Link Template: Default Template -->\n\n\n<div class=\"wpdm-link-template link-template-default thumbnail\" >\n\n    <div class=\"media\" style=\"display: flex\">\n        <div class=\"pull-left\"><img class=\"wpdm_icon\" alt=\"Icono\"   src=\"https:\/\/www.geoportaligm.gob.ec\/portal\/wp-content\/plugins\/download-manager\/assets\/file-type-icons\/tiff.svg\" \/><\/div>\n        <div class=\"media-body\"><h3 class=\"package-title\">2022-04-27_Erosi\u00f3n_Rio_Quijos_ORTOFOTOS<\/h3>\n            <small class=\"text-muted\"><i class=\"fas fa-copy\"><\/i> 1 file(s) &nbsp; <i class=\"fas fa-hdd\"><\/i> 256.52 MB<\/small>\n        <\/div>\n        <div>\n            <a class='wpdm-download-link btn btn-primary ' rel='nofollow' href='#' onclick=\"location.href='https:\/\/www.geoportaligm.gob.ec\/portal\/index.php\/download\/2022-04-27_erosion_rio_quijos_ortofotos\/?wpdmdl=5629&refresh=69f356e0275121777555168';return false;\">Descargar<\/a>\n        <\/div>\n    <\/div>\n\n<\/div>\n<div style=\"clear: both\"><\/div>\n\n<\/div><br \/>\n                        <div class='w3eden'><!-- WPDM Link Template: Default Template -->\n\n\n<div class=\"wpdm-link-template link-template-default thumbnail\" >\n\n    <div class=\"media\" style=\"display: flex\">\n        <div class=\"pull-left\"><img class=\"wpdm_icon\" alt=\"Icono\"   src=\"https:\/\/www.geoportaligm.gob.ec\/portal\/wp-content\/plugins\/download-manager\/assets\/file-type-icons\/tiff.svg\" \/><\/div>\n        <div class=\"media-body\"><h3 class=\"package-title\">2022-04-27_Erosi\u00f3n_Rio_Quijos_MDE<\/h3>\n            <small class=\"text-muted\"><i class=\"fas fa-copy\"><\/i> 1 file(s) &nbsp; <i class=\"fas fa-hdd\"><\/i> 241.24 MB<\/small>\n        <\/div>\n        <div>\n            <a class='wpdm-download-link btn btn-primary ' rel='nofollow' href='#' onclick=\"location.href='https:\/\/www.geoportaligm.gob.ec\/portal\/index.php\/download\/2022-04-27_erosion_rio_quijos_mde\/?wpdmdl=5631&refresh=69f356e027cc31777555168';return false;\">Descargar<\/a>\n        <\/div>\n    <\/div>\n\n<\/div>\n<div style=\"clear: both\"><\/div>\n\n<\/div><br \/>\n                        <!--<iframe loading=\"lazy\" width=\"800\" height=\"250\"\n                            src=\"https:\/\/www.geoportaligm.gob.ec\/nextcloud\/index.php\/s\/zPp5A8caLCMEJgi\" frameborder=\"0\"\n                            allow=\"accelerometer; autoplay; encrypted-media; gyroscope; picture-in-picture\"\n                            allowfullscreen><\/iframe>--><\/p>\n<h4>\n                        <a data-toggle=\"collapse\" data-parent=\"#accordion\" href=\"#collapse37\">Toma de Fotograf\u00eda A\u00e9rea<br \/>\n                            R\u00edo Quijos 30-03-2022<br \/>\n                        <\/a><br \/>\n                    <\/h4>\n<p>                        <div class='w3eden'><!-- WPDM Link Template: Default Template -->\n\n\n<div class=\"wpdm-link-template link-template-default thumbnail\" >\n\n    <div class=\"media\" style=\"display: flex\">\n        <div class=\"pull-left\"><img class=\"wpdm_icon\" alt=\"Icono\"   src=\"https:\/\/www.geoportaligm.gob.ec\/portal\/wp-content\/plugins\/download-manager\/assets\/file-type-icons\/tiff.svg\" \/><\/div>\n        <div class=\"media-body\"><h3 class=\"package-title\">2022-03-30_Erosi\u00f3n_Rio_Quijos_ORTOFOTOS<\/h3>\n            <small class=\"text-muted\"><i class=\"fas fa-copy\"><\/i> 1 file(s) &nbsp; <i class=\"fas fa-hdd\"><\/i> 324.22 MB<\/small>\n        <\/div>\n        <div>\n            <a class='wpdm-download-link btn btn-primary ' rel='nofollow' href='#' onclick=\"location.href='https:\/\/www.geoportaligm.gob.ec\/portal\/index.php\/download\/2022-03-30_erosion_rio_quijos_ortofotos\/?wpdmdl=5627&refresh=69f356e0284811777555168';return false;\">Descargar<\/a>\n        <\/div>\n    <\/div>\n\n<\/div>\n<div style=\"clear: both\"><\/div>\n\n<\/div><br \/>\n                        <div class='w3eden'><!-- WPDM Link Template: Default Template -->\n\n\n<div class=\"wpdm-link-template link-template-default thumbnail\" >\n\n    <div class=\"media\" style=\"display: flex\">\n        <div class=\"pull-left\"><img class=\"wpdm_icon\" alt=\"Icono\"   src=\"https:\/\/www.geoportaligm.gob.ec\/portal\/wp-content\/plugins\/download-manager\/assets\/file-type-icons\/tiff.svg\" \/><\/div>\n        <div class=\"media-body\"><h3 class=\"package-title\">2022-03-30_Erosi\u00f3n_Rio_Quijos_MDE<\/h3>\n            <small class=\"text-muted\"><i class=\"fas fa-copy\"><\/i> 1 file(s) &nbsp; <i class=\"fas fa-hdd\"><\/i> 178.31 MB<\/small>\n        <\/div>\n        <div>\n            <a class='wpdm-download-link btn btn-primary ' rel='nofollow' href='#' onclick=\"location.href='https:\/\/www.geoportaligm.gob.ec\/portal\/index.php\/download\/2022-03-30_erosion_rio_quijos_mde\/?wpdmdl=5625&refresh=69f356e028c201777555168';return false;\">Descargar<\/a>\n        <\/div>\n    <\/div>\n\n<\/div>\n<div style=\"clear: both\"><\/div>\n\n<\/div> <!--12\/07\/2022 --><br \/>\n                        <!--<iframe loading=\"lazy\" width=\"800\" height=\"250\"\n                            src=\"https:\/\/www.geoportaligm.gob.ec\/nextcloud\/index.php\/s\/YmDmoGGE8aaXbax\" frameborder=\"0\"\n                            allow=\"accelerometer; autoplay; encrypted-media; gyroscope; picture-in-picture\"\n                            allowfullscreen><\/iframe>--><\/p>\n<h4>\n                        <a data-toggle=\"collapse\" data-parent=\"#accordion\" href=\"#collapse36\">Toma de Fotograf\u00eda A\u00e9rea<br \/>\n                            R\u00edo Quijos 03-02-2022<br \/>\n                        <\/a><br \/>\n                    <\/h4>\n<p>                        <div class='w3eden'><!-- WPDM Link Template: Default Template -->\n\n\n<div class=\"wpdm-link-template link-template-default thumbnail\" >\n\n    <div class=\"media\" style=\"display: flex\">\n        <div class=\"pull-left\"><img class=\"wpdm_icon\" alt=\"Icono\"   src=\"https:\/\/www.geoportaligm.gob.ec\/portal\/wp-content\/plugins\/download-manager\/assets\/file-type-icons\/tiff.svg\" \/><\/div>\n        <div class=\"media-body\"><h3 class=\"package-title\">2022-02-03_Erosi\u00f3n_Rio_Quijos_ORTOFOTOS<\/h3>\n            <small class=\"text-muted\"><i class=\"fas fa-copy\"><\/i> 1 file(s) &nbsp; <i class=\"fas fa-hdd\"><\/i> 167.61 MB<\/small>\n        <\/div>\n        <div>\n            <a class='wpdm-download-link btn btn-primary ' rel='nofollow' href='#' onclick=\"location.href='https:\/\/www.geoportaligm.gob.ec\/portal\/index.php\/download\/2022-02-03_erosion_rio_quijos_ortofotos\/?wpdmdl=5426&refresh=69f356e0293671777555168';return false;\">Descargar<\/a>\n        <\/div>\n    <\/div>\n\n<\/div>\n<div style=\"clear: both\"><\/div>\n\n<\/div><br \/>\n                        <div class='w3eden'><!-- WPDM Link Template: Default Template -->\n\n\n<div class=\"wpdm-link-template link-template-default thumbnail\" >\n\n    <div class=\"media\" style=\"display: flex\">\n        <div class=\"pull-left\"><img class=\"wpdm_icon\" alt=\"Icono\"   src=\"https:\/\/www.geoportaligm.gob.ec\/portal\/wp-content\/plugins\/download-manager\/assets\/file-type-icons\/tiff.svg\" \/><\/div>\n        <div class=\"media-body\"><h3 class=\"package-title\">2022-02-03_Erosi\u00f3n_Rio_Quijos_MDE<\/h3>\n            <small class=\"text-muted\"><i class=\"fas fa-copy\"><\/i> 1 file(s) &nbsp; <i class=\"fas fa-hdd\"><\/i> 171.48 MB<\/small>\n        <\/div>\n        <div>\n            <a class='wpdm-download-link btn btn-primary ' rel='nofollow' href='#' onclick=\"location.href='https:\/\/www.geoportaligm.gob.ec\/portal\/index.php\/download\/2022-02-03_erosion_rio_quijos_mde\/?wpdmdl=5432&refresh=69f356e029b141777555168';return false;\">Descargar<\/a>\n        <\/div>\n    <\/div>\n\n<\/div>\n<div style=\"clear: both\"><\/div>\n\n<\/div><br \/>\n                        <div class='w3eden'><!-- WPDM Link Template: Default Template -->\n\n\n<div class=\"wpdm-link-template link-template-default thumbnail\" >\n\n    <div class=\"media\" style=\"display: flex\">\n        <div class=\"pull-left\"><img class=\"wpdm_icon\" alt=\"Icono\"   src=\"https:\/\/www.geoportaligm.gob.ec\/portal\/wp-content\/plugins\/download-manager\/assets\/file-type-icons\/pdf.png\" \/><\/div>\n        <div class=\"media-body\"><h3 class=\"package-title\">2022-02-03_Erosi\u00f3n_Rio_Quijos_PDF<\/h3>\n            <small class=\"text-muted\"><i class=\"fas fa-copy\"><\/i> 1 file(s) &nbsp; <i class=\"fas fa-hdd\"><\/i> 5.41 MB<\/small>\n        <\/div>\n        <div>\n            <a class='wpdm-download-link btn btn-primary ' rel='nofollow' href='#' onclick=\"location.href='https:\/\/www.geoportaligm.gob.ec\/portal\/index.php\/download\/2022-02-03_erosion_rio_quijos_pdf\/?wpdmdl=5428&refresh=69f356e02a2671777555168';return false;\">Descargar<\/a>\n        <\/div>\n    <\/div>\n\n<\/div>\n<div style=\"clear: both\"><\/div>\n\n<\/div> <!--12\/07\/2022 --><br \/>\n                        <!--<iframe loading=\"lazy\" width=\"800\" height=\"250\"\n                            src=\"https:\/\/www.geoportaligm.gob.ec\/nextcloud\/index.php\/s\/4cR2H3GBBN62ora\" frameborder=\"0\"\n                            allow=\"accelerometer; autoplay; encrypted-media; gyroscope; picture-in-picture\"\n                            allowfullscreen><\/iframe>--><\/p>\n<h4>\n                        <a data-toggle=\"collapse\" data-parent=\"#accordion\" href=\"#collapse35\">Toma de Fotograf\u00eda A\u00e9rea<br \/>\n                            R\u00edo Quijos 13-01-2022<br \/>\n                        <\/a><br \/>\n                    <\/h4>\n<p>                        <div class='w3eden'><!-- WPDM Link Template: Default Template -->\n\n\n<div class=\"wpdm-link-template link-template-default thumbnail\" >\n\n    <div class=\"media\" style=\"display: flex\">\n        <div class=\"pull-left\"><img class=\"wpdm_icon\" alt=\"Icono\"   src=\"https:\/\/www.geoportaligm.gob.ec\/portal\/wp-content\/plugins\/download-manager\/assets\/file-type-icons\/tiff.svg\" \/><\/div>\n        <div class=\"media-body\"><h3 class=\"package-title\">2022-01-13_Erosi\u00f3n_Rio_Quijos_ORTOFOTOS<\/h3>\n            <small class=\"text-muted\"><i class=\"fas fa-copy\"><\/i> 1 file(s) &nbsp; <i class=\"fas fa-hdd\"><\/i> 172.62 MB<\/small>\n        <\/div>\n        <div>\n            <a class='wpdm-download-link btn btn-primary ' rel='nofollow' href='#' onclick=\"location.href='https:\/\/www.geoportaligm.gob.ec\/portal\/index.php\/download\/2022-01-13_erosion_rio_quijos_ortofotos\/?wpdmdl=5408&refresh=69f356e02aa291777555168';return false;\">Descargar<\/a>\n        <\/div>\n    <\/div>\n\n<\/div>\n<div style=\"clear: both\"><\/div>\n\n<\/div><br \/>\n                        <div class='w3eden'><!-- WPDM Link Template: Default Template -->\n\n\n<div class=\"wpdm-link-template link-template-default thumbnail\" >\n\n    <div class=\"media\" style=\"display: flex\">\n        <div class=\"pull-left\"><img class=\"wpdm_icon\" alt=\"Icono\"   src=\"https:\/\/www.geoportaligm.gob.ec\/portal\/wp-content\/plugins\/download-manager\/assets\/file-type-icons\/tiff.svg\" \/><\/div>\n        <div class=\"media-body\"><h3 class=\"package-title\">2022-01-13_Erosi\u00f3n_Rio_Quijos_MDE<\/h3>\n            <small class=\"text-muted\"><i class=\"fas fa-copy\"><\/i> 1 file(s) &nbsp; <i class=\"fas fa-hdd\"><\/i> 131.57 MB<\/small>\n        <\/div>\n        <div>\n            <a class='wpdm-download-link btn btn-primary ' rel='nofollow' href='#' onclick=\"location.href='https:\/\/www.geoportaligm.gob.ec\/portal\/index.php\/download\/2022-01-13_erosion_rio_quijos_mde\/?wpdmdl=5410&refresh=69f356e02b2201777555168';return false;\">Descargar<\/a>\n        <\/div>\n    <\/div>\n\n<\/div>\n<div style=\"clear: both\"><\/div>\n\n<\/div><br \/>\n                        <div class='w3eden'><!-- WPDM Link Template: Default Template -->\n\n\n<div class=\"wpdm-link-template link-template-default thumbnail\" >\n\n    <div class=\"media\" style=\"display: flex\">\n        <div class=\"pull-left\"><img class=\"wpdm_icon\" alt=\"Icono\"   src=\"https:\/\/www.geoportaligm.gob.ec\/portal\/wp-content\/plugins\/download-manager\/assets\/file-type-icons\/pdf.png\" \/><\/div>\n        <div class=\"media-body\"><h3 class=\"package-title\">2022-01-13_Erosi\u00f3n_Rio_Quijos_PDF<\/h3>\n            <small class=\"text-muted\"><i class=\"fas fa-copy\"><\/i> 1 file(s) &nbsp; <i class=\"fas fa-hdd\"><\/i> 5.84 MB<\/small>\n        <\/div>\n        <div>\n            <a class='wpdm-download-link btn btn-primary ' rel='nofollow' href='#' onclick=\"location.href='https:\/\/www.geoportaligm.gob.ec\/portal\/index.php\/download\/2022-01-13_erosion_rio_quijos_pdf\/?wpdmdl=5405&refresh=69f356e02bb161777555168';return false;\">Descargar<\/a>\n        <\/div>\n    <\/div>\n\n<\/div>\n<div style=\"clear: both\"><\/div>\n\n<\/div><br \/>\n                        <!--<iframe loading=\"lazy\" width=\"800\" height=\"250\"\n                            src=\"https:\/\/www.geoportaligm.gob.ec\/nextcloud\/index.php\/s\/rKLpmyjnc9Nm75J\" frameborder=\"0\"\n                            allow=\"accelerometer; autoplay; encrypted-media; gyroscope; picture-in-picture\"\n                            allowfullscreen><\/iframe>--><\/p>\n<h4>\n                        <a data-toggle=\"collapse\" data-parent=\"#accordion\" href=\"#collapse34\">Toma de Fotograf\u00eda A\u00e9rea<br \/>\n                            R\u00edo Quijos_R\u00edo Coca_Noviembre 2021<br \/>\n                        <\/a><br \/>\n                    <\/h4>\n<p>                        <iframe loading=\"lazy\" width=\"800\" height=\"250\"\n                            src=\"https:\/\/www.geoportaligm.gob.ec\/nextcloud\/index.php\/s\/KEwRzsA2XjS5D2K\" frameborder=\"0\"\n                            allow=\"accelerometer; autoplay; encrypted-media; gyroscope; picture-in-picture\"\n                            allowfullscreen><\/iframe><\/p>\n<h4>\n                        <a data-toggle=\"collapse\" data-parent=\"#accordion\" href=\"#collapse33\">Toma de Fotograf\u00eda A\u00e9rea<br \/>\n                            Rio Quijos 09-12-2021<\/a><br \/>\n                    <\/h4>\n<p>                        <div class='w3eden'><!-- WPDM Link Template: Default Template -->\n\n\n<div class=\"wpdm-link-template link-template-default thumbnail\" >\n\n    <div class=\"media\" style=\"display: flex\">\n        <div class=\"pull-left\"><img class=\"wpdm_icon\" alt=\"Icono\"   src=\"https:\/\/www.geoportaligm.gob.ec\/portal\/wp-content\/plugins\/download-manager\/assets\/file-type-icons\/tiff.svg\" \/><\/div>\n        <div class=\"media-body\"><h3 class=\"package-title\">2021-12-09_Erosi\u00f3n_Rio_Quijos_DTM<\/h3>\n            <small class=\"text-muted\"><i class=\"fas fa-copy\"><\/i> 1 file(s) &nbsp; <i class=\"fas fa-hdd\"><\/i> 159.00 MB<\/small>\n        <\/div>\n        <div>\n            <a class='wpdm-download-link btn btn-primary ' rel='nofollow' href='#' onclick=\"location.href='https:\/\/www.geoportaligm.gob.ec\/portal\/index.php\/download\/2021-12-09_erosion_rio_quijos_dtm\/?wpdmdl=5392&refresh=69f356e02c31a1777555168';return false;\">Descargar<\/a>\n        <\/div>\n    <\/div>\n\n<\/div>\n<div style=\"clear: both\"><\/div>\n\n<\/div><br \/>\n                        <div class='w3eden'><!-- WPDM Link Template: Default Template -->\n\n\n<div class=\"wpdm-link-template link-template-default thumbnail\" >\n\n    <div class=\"media\" style=\"display: flex\">\n        <div class=\"pull-left\"><img class=\"wpdm_icon\" alt=\"Icono\"   src=\"https:\/\/www.geoportaligm.gob.ec\/portal\/wp-content\/plugins\/download-manager\/assets\/file-type-icons\/tiff.svg\" \/><\/div>\n        <div class=\"media-body\"><h3 class=\"package-title\">2021-12-09_Erosi\u00f3n_Rio_Quijos_ORTOFOTOS<\/h3>\n            <small class=\"text-muted\"><i class=\"fas fa-copy\"><\/i> 1 file(s) &nbsp; <i class=\"fas fa-hdd\"><\/i> 2,322.77 MB<\/small>\n        <\/div>\n        <div>\n            <a class='wpdm-download-link btn btn-primary ' rel='nofollow' href='#' onclick=\"location.href='https:\/\/www.geoportaligm.gob.ec\/portal\/index.php\/download\/2021-12-09_erosion_rio_quijos_ortofotos\/?wpdmdl=5393&refresh=69f356e02cb3f1777555168';return false;\">Descargar<\/a>\n        <\/div>\n    <\/div>\n\n<\/div>\n<div style=\"clear: both\"><\/div>\n\n<\/div><br \/>\n                        <div class='w3eden'><!-- WPDM Link Template: Default Template -->\n\n\n<div class=\"wpdm-link-template link-template-default thumbnail\" >\n\n    <div class=\"media\" style=\"display: flex\">\n        <div class=\"pull-left\"><img class=\"wpdm_icon\" alt=\"Icono\"   src=\"https:\/\/www.geoportaligm.gob.ec\/portal\/wp-content\/plugins\/download-manager\/assets\/file-type-icons\/pdf.png\" \/><\/div>\n        <div class=\"media-body\"><h3 class=\"package-title\">2021-12-09_Erosi\u00f3n_Rio_Quijos_PDF<\/h3>\n            <small class=\"text-muted\"><i class=\"fas fa-copy\"><\/i> 1 file(s) &nbsp; <i class=\"fas fa-hdd\"><\/i> 5.40 MB<\/small>\n        <\/div>\n        <div>\n            <a class='wpdm-download-link btn btn-primary ' rel='nofollow' href='#' onclick=\"location.href='https:\/\/www.geoportaligm.gob.ec\/portal\/index.php\/download\/2021-12-09_erosion_rio_quijos_pdf\/?wpdmdl=5395&refresh=69f356e02d3321777555168';return false;\">Descargar<\/a>\n        <\/div>\n    <\/div>\n\n<\/div>\n<div style=\"clear: both\"><\/div>\n\n<\/div> <!--12\/07\/2022 --><br \/>\n                        <!--<iframe loading=\"lazy\" width=\"800\" height=\"300\"\n                            src=\" https:\/\/www.geoportaligm.gob.ec\/nextcloud\/index.php\/s\/kfAKK5qWJCLtFbb\" frameborder=\"0\"\n                            allow=\"accelerometer; autoplay; encrypted-media; gyroscope; picture-in-picture\"\n                            allowfullscreen><\/iframe>--><\/p>\n<h4>\n                        <a data-toggle=\"collapse\" data-parent=\"#accordion\" href=\"#collapse32\">Toma de Fotograf\u00eda A\u00e9rea<br \/>\n                            Rio Quijos 15-09-2021<\/a><br \/>\n                    <\/h4>\n<p>                        <div class='w3eden'><!-- WPDM Link Template: Default Template -->\n\n\n<div class=\"wpdm-link-template link-template-default thumbnail\" >\n\n    <div class=\"media\" style=\"display: flex\">\n        <div class=\"pull-left\"><img class=\"wpdm_icon\" alt=\"Icono\"   src=\"https:\/\/www.geoportaligm.gob.ec\/portal\/wp-content\/plugins\/download-manager\/assets\/file-type-icons\/tiff.svg\" \/><\/div>\n        <div class=\"media-body\"><h3 class=\"package-title\">2021-09-15_Erosi\u00f3n_Rio_Quijos_ORTOFOTOS<\/h3>\n            <small class=\"text-muted\"><i class=\"fas fa-copy\"><\/i> 1 file(s) &nbsp; <i class=\"fas fa-hdd\"><\/i> 217.40 MB<\/small>\n        <\/div>\n        <div>\n            <a class='wpdm-download-link btn btn-primary ' rel='nofollow' href='#' onclick=\"location.href='https:\/\/www.geoportaligm.gob.ec\/portal\/index.php\/download\/2021-09-15_erosion_rio_quijos_ortofotos\/?wpdmdl=5333&refresh=69f356e02db2d1777555168';return false;\">Descargar<\/a>\n        <\/div>\n    <\/div>\n\n<\/div>\n<div style=\"clear: both\"><\/div>\n\n<\/div><br \/>\n                        <div class='w3eden'><!-- WPDM Link Template: Default Template -->\n\n\n<div class=\"wpdm-link-template link-template-default thumbnail\" >\n\n    <div class=\"media\" style=\"display: flex\">\n        <div class=\"pull-left\"><img class=\"wpdm_icon\" alt=\"Icono\"   src=\"https:\/\/www.geoportaligm.gob.ec\/portal\/wp-content\/plugins\/download-manager\/assets\/file-type-icons\/tiff.svg\" \/><\/div>\n        <div class=\"media-body\"><h3 class=\"package-title\">2021-09-15_Erosi\u00f3n_Rio_Quijos_MDE<\/h3>\n            <small class=\"text-muted\"><i class=\"fas fa-copy\"><\/i> 1 file(s) &nbsp; <i class=\"fas fa-hdd\"><\/i> 200.53 MB<\/small>\n        <\/div>\n        <div>\n            <a class='wpdm-download-link btn btn-primary ' rel='nofollow' href='#' onclick=\"location.href='https:\/\/www.geoportaligm.gob.ec\/portal\/index.php\/download\/2021-09-15_erosion_rio_quijos_mde\/?wpdmdl=5340&refresh=69f356e02e2ff1777555168';return false;\">Descargar<\/a>\n        <\/div>\n    <\/div>\n\n<\/div>\n<div style=\"clear: both\"><\/div>\n\n<\/div> <!--12\/07\/2022 --><br \/>\n                        <!-- <iframe loading=\"lazy\" width=\"800\" height=\"300\"\n                            src=\"https:\/\/www.geoportaligm.gob.ec\/nextcloud\/index.php\/s\/88wYnXXBHGfdMnw\" frameborder=\"0\"\n                            allow=\"accelerometer; autoplay; encrypted-media; gyroscope; picture-in-picture\"\n                            allowfullscreen><\/iframe>--><\/p>\n<h4>\n                        <a data-toggle=\"collapse\" data-parent=\"#accordion\" href=\"#collapse31\">Toma de Fotograf\u00eda A\u00e9rea<br \/>\n                            Rio Quijos 13-09-2021 ULTRACAM<\/a><br \/>\n                    <\/h4>\n<p>                        <div class='w3eden'><!-- WPDM Link Template: Default Template -->\n\n\n<div class=\"wpdm-link-template link-template-default thumbnail\" >\n\n    <div class=\"media\" style=\"display: flex\">\n        <div class=\"pull-left\"><img class=\"wpdm_icon\" alt=\"Icono\"   src=\"https:\/\/www.geoportaligm.gob.ec\/portal\/wp-content\/plugins\/download-manager\/assets\/file-type-icons\/tiff.svg\" \/><\/div>\n        <div class=\"media-body\"><h3 class=\"package-title\">2021-09-13_Erosi\u00f3n_Rio_Quijos_DTM_ULTRACAM<\/h3>\n            <small class=\"text-muted\"><i class=\"fas fa-copy\"><\/i> 1 file(s) &nbsp; <i class=\"fas fa-hdd\"><\/i> 71.49 MB<\/small>\n        <\/div>\n        <div>\n            <a class='wpdm-download-link btn btn-primary ' rel='nofollow' href='#' onclick=\"location.href='https:\/\/www.geoportaligm.gob.ec\/portal\/index.php\/download\/2021-09-13_erosion_rio_quijos_dtm_ultracam\/?wpdmdl=5331&refresh=69f356e02eb571777555168';return false;\">Descargar<\/a>\n        <\/div>\n    <\/div>\n\n<\/div>\n<div style=\"clear: both\"><\/div>\n\n<\/div><br \/>\n                        <div class='w3eden'><!-- WPDM Link Template: Default Template -->\n\n\n<div class=\"wpdm-link-template link-template-default thumbnail\" >\n\n    <div class=\"media\" style=\"display: flex\">\n        <div class=\"pull-left\"><img class=\"wpdm_icon\" alt=\"Icono\"   src=\"https:\/\/www.geoportaligm.gob.ec\/portal\/wp-content\/plugins\/download-manager\/assets\/file-type-icons\/tiff.svg\" \/><\/div>\n        <div class=\"media-body\"><h3 class=\"package-title\">2021-09-13_Erosi\u00f3n_Rio_Quijos_OTF_ULTRACAM<\/h3>\n            <small class=\"text-muted\"><i class=\"fas fa-copy\"><\/i> 1 file(s) &nbsp; <i class=\"fas fa-hdd\"><\/i> 1,871.61 MB<\/small>\n        <\/div>\n        <div>\n            <a class='wpdm-download-link btn btn-primary ' rel='nofollow' href='#' onclick=\"location.href='https:\/\/www.geoportaligm.gob.ec\/portal\/index.php\/download\/2021-09-13_erosion_rio_quijos_otf_ultracam\/?wpdmdl=5336&refresh=69f356e02f3151777555168';return false;\">Descargar<\/a>\n        <\/div>\n    <\/div>\n\n<\/div>\n<div style=\"clear: both\"><\/div>\n\n<\/div> <!--12\/07\/2022 --><br \/>\n                        <!--<iframe loading=\"lazy\" width=\"800\" height=\"300\"\n                            src=\"https:\/\/www.geoportaligm.gob.ec\/nextcloud\/index.php\/s\/aJ35jFbPkX2rpeQ\" frameborder=\"0\"\n                            allow=\"accelerometer; autoplay; encrypted-media; gyroscope; picture-in-picture\"\n                            allowfullscreen><\/iframe> --><\/p>\n<h4>\n                        <a data-toggle=\"collapse\" data-parent=\"#accordion\" href=\"#collapse30\">Toma de Fotograf\u00eda A\u00e9rea<br \/>\n                            Rio Quijos 15-07-2021 AX80<\/a><br \/>\n                    <\/h4>\n<p>                        <div class='w3eden'><!-- WPDM Link Template: Default Template -->\n\n\n<div class=\"wpdm-link-template link-template-default thumbnail\" >\n\n    <div class=\"media\" style=\"display: flex\">\n        <div class=\"pull-left\"><img class=\"wpdm_icon\" alt=\"Icono\"   src=\"https:\/\/www.geoportaligm.gob.ec\/portal\/wp-content\/plugins\/download-manager\/assets\/file-type-icons\/tiff.svg\" \/><\/div>\n        <div class=\"media-body\"><h3 class=\"package-title\">2021-07-15_Erosi\u00f3n_Rio_Quijos_OTF<\/h3>\n            <small class=\"text-muted\"><i class=\"fas fa-copy\"><\/i> 1 file(s) &nbsp; <i class=\"fas fa-hdd\"><\/i> 863.49 MB<\/small>\n        <\/div>\n        <div>\n            <a class='wpdm-download-link btn btn-primary ' rel='nofollow' href='#' onclick=\"location.href='https:\/\/www.geoportaligm.gob.ec\/portal\/index.php\/download\/2021-07-15_erosion_rio_quijos_otf\/?wpdmdl=5345&refresh=69f356e02fb221777555168';return false;\">Descargar<\/a>\n        <\/div>\n    <\/div>\n\n<\/div>\n<div style=\"clear: both\"><\/div>\n\n<\/div><br \/>\n                        <div class='w3eden'><!-- WPDM Link Template: Default Template -->\n\n\n<div class=\"wpdm-link-template link-template-default thumbnail\" >\n\n    <div class=\"media\" style=\"display: flex\">\n        <div class=\"pull-left\"><img class=\"wpdm_icon\" alt=\"Icono\"   src=\"https:\/\/www.geoportaligm.gob.ec\/portal\/wp-content\/plugins\/download-manager\/assets\/file-type-icons\/tiff.svg\" \/><\/div>\n        <div class=\"media-body\"><h3 class=\"package-title\">2021-07-15_Erosi\u00f3n_Rio_Quijos_DTM<\/h3>\n            <small class=\"text-muted\"><i class=\"fas fa-copy\"><\/i> 1 file(s) &nbsp; <i class=\"fas fa-hdd\"><\/i> 80 MB<\/small>\n        <\/div>\n        <div>\n            <a class='wpdm-download-link btn btn-primary ' rel='nofollow' href='#' onclick=\"location.href='https:\/\/www.geoportaligm.gob.ec\/portal\/index.php\/download\/dtm_rio_quijos_2021_07_15_ax80\/?wpdmdl=5271&refresh=69f356e0303221777555168';return false;\">Descargar<\/a>\n        <\/div>\n    <\/div>\n\n<\/div>\n<div style=\"clear: both\"><\/div>\n\n<\/div> <!--12\/07\/2022 --><br \/>\n                        <!--<iframe loading=\"lazy\" width=\"800\" height=\"300\"\n                            src=\"https:\/\/www.geoportaligm.gob.ec\/nextcloud\/index.php\/s\/ixYfY4KwmmqpCSD\" frameborder=\"0\"\n                            allow=\"accelerometer; autoplay; encrypted-media; gyroscope; picture-in-picture\"\n                            allowfullscreen><\/iframe>--><\/p>\n<h4>\n                        <a data-toggle=\"collapse\" data-parent=\"#accordion\" href=\"#collapse24\">Toma de Fotograf\u00eda A\u00e9rea<br \/>\n                            Rio Quijos 21-05-2021<\/a><br \/>\n                    <\/h4>\n<p>                        <div class='w3eden'><!-- WPDM Link Template: Default Template -->\n\n\n<div class=\"wpdm-link-template link-template-default thumbnail\" >\n\n    <div class=\"media\" style=\"display: flex\">\n        <div class=\"pull-left\"><img class=\"wpdm_icon\" alt=\"Icono\"   src=\"https:\/\/www.geoportaligm.gob.ec\/portal\/wp-content\/plugins\/download-manager\/assets\/file-type-icons\/tiff.svg\" \/><\/div>\n        <div class=\"media-body\"><h3 class=\"package-title\">2021-05-21_Erosi\u00f3n_Rio_Quijos_ORTOFOTOS<\/h3>\n            <small class=\"text-muted\"><i class=\"fas fa-copy\"><\/i> 1 file(s) &nbsp; <i class=\"fas fa-hdd\"><\/i> 101.80 MB<\/small>\n        <\/div>\n        <div>\n            <a class='wpdm-download-link btn btn-primary ' rel='nofollow' href='#' onclick=\"location.href='https:\/\/www.geoportaligm.gob.ec\/portal\/index.php\/download\/2021-05-21_erosion_rio_quijos_ortofotos\/?wpdmdl=5240&refresh=69f356e030b261777555168';return false;\">Descargar<\/a>\n        <\/div>\n    <\/div>\n\n<\/div>\n<div style=\"clear: both\"><\/div>\n\n<\/div><br \/>\n                        <div class='w3eden'><!-- WPDM Link Template: Default Template -->\n\n\n<div class=\"wpdm-link-template link-template-default thumbnail\" >\n\n    <div class=\"media\" style=\"display: flex\">\n        <div class=\"pull-left\"><img class=\"wpdm_icon\" alt=\"Icono\"   src=\"https:\/\/www.geoportaligm.gob.ec\/portal\/wp-content\/plugins\/download-manager\/assets\/file-type-icons\/tiff.svg\" \/><\/div>\n        <div class=\"media-body\"><h3 class=\"package-title\">2021-05-21_Erosi\u00f3n_Rio_Quijos_DTM<\/h3>\n            <small class=\"text-muted\"><i class=\"fas fa-copy\"><\/i> 1 file(s) &nbsp; <i class=\"fas fa-hdd\"><\/i> 105.93 MB<\/small>\n        <\/div>\n        <div>\n            <a class='wpdm-download-link btn btn-primary ' rel='nofollow' href='#' onclick=\"location.href='https:\/\/www.geoportaligm.gob.ec\/portal\/index.php\/download\/2021-05-21_erosion_rio_quijos_dtm\/?wpdmdl=5242&refresh=69f356e0313201777555168';return false;\">Descargar<\/a>\n        <\/div>\n    <\/div>\n\n<\/div>\n<div style=\"clear: both\"><\/div>\n\n<\/div> <!--12\/07\/2022--><br \/>\n                        <!--<iframe loading=\"lazy\" width=\"800\" height=\"300\"\n                            src=\"https:\/\/www.geoportaligm.gob.ec\/nextcloud\/index.php\/s\/wqE2AWEbb6P9txp\" frameborder=\"0\"\n                            allow=\"accelerometer; autoplay; encrypted-media; gyroscope; picture-in-picture\"\n                            allowfullscreen><\/iframe>--><\/p>\n<h4>\n                        <a data-toggle=\"collapse\" data-parent=\"#accordion\" href=\"#collapse20\">Toma de Fotograf\u00eda A\u00e9rea<br \/>\n                            Rio Quijos 21-04-2021<\/a><br \/>\n                    <\/h4>\n<p>                        <!--[wpdm_package id='5181']\n                        [wpdm_package id='5183']\n                        [wpdm_package id='5217']--><br \/>\n                        <div class='w3eden'><!-- WPDM Link Template: Default Template -->\n\n\n<div class=\"wpdm-link-template link-template-default thumbnail\" >\n\n    <div class=\"media\" style=\"display: flex\">\n        <div class=\"pull-left\"><img class=\"wpdm_icon\" alt=\"Icono\"   src=\"https:\/\/www.geoportaligm.gob.ec\/portal\/wp-content\/plugins\/download-manager\/assets\/file-type-icons\/tiff.svg\" \/><\/div>\n        <div class=\"media-body\"><h3 class=\"package-title\">2021-04-21_Erosi\u00f3n_Rio_Quijos_ORTOFOTOS<\/h3>\n            <small class=\"text-muted\"><i class=\"fas fa-copy\"><\/i> 1 file(s) &nbsp; <i class=\"fas fa-hdd\"><\/i> 200.42 MB<\/small>\n        <\/div>\n        <div>\n            <a class='wpdm-download-link btn btn-primary ' rel='nofollow' href='#' onclick=\"location.href='https:\/\/www.geoportaligm.gob.ec\/portal\/index.php\/download\/2021-04-21_erosion_rio_quijos_ortofotos_v2\/?wpdmdl=5249&refresh=69f356e031b531777555168';return false;\">Descargar<\/a>\n        <\/div>\n    <\/div>\n\n<\/div>\n<div style=\"clear: both\"><\/div>\n\n<\/div><br \/>\n                        <div class='w3eden'><!-- WPDM Link Template: Default Template -->\n\n\n<div class=\"wpdm-link-template link-template-default thumbnail\" >\n\n    <div class=\"media\" style=\"display: flex\">\n        <div class=\"pull-left\"><img class=\"wpdm_icon\" alt=\"Icono\"   src=\"https:\/\/www.geoportaligm.gob.ec\/portal\/wp-content\/plugins\/download-manager\/assets\/file-type-icons\/tiff.svg\" \/><\/div>\n        <div class=\"media-body\"><h3 class=\"package-title\">2021-04-21_Erosi\u00f3n_Rio_Quijos_DTM<\/h3>\n            <small class=\"text-muted\"><i class=\"fas fa-copy\"><\/i> 1 file(s) &nbsp; <i class=\"fas fa-hdd\"><\/i> 192.15 MB<\/small>\n        <\/div>\n        <div>\n            <a class='wpdm-download-link btn btn-primary ' rel='nofollow' href='#' onclick=\"location.href='https:\/\/www.geoportaligm.gob.ec\/portal\/index.php\/download\/2021-04-21_erosion_rio_quijos_dtm_v2\/?wpdmdl=5246&refresh=69f356e0323b91777555168';return false;\">Descargar<\/a>\n        <\/div>\n    <\/div>\n\n<\/div>\n<div style=\"clear: both\"><\/div>\n\n<\/div><br \/>\n                        <div class='w3eden'><!-- WPDM Link Template: Default Template -->\n\n\n<div class=\"wpdm-link-template link-template-default thumbnail\" >\n\n    <div class=\"media\" style=\"display: flex\">\n        <div class=\"pull-left\"><img class=\"wpdm_icon\" alt=\"Icono\"   src=\"https:\/\/www.geoportaligm.gob.ec\/portal\/wp-content\/plugins\/download-manager\/assets\/file-type-icons\/pdf.svg\" \/><\/div>\n        <div class=\"media-body\"><h3 class=\"package-title\">2021-04-21_Erosi\u00f3n_Rio_Quijos_PDF<\/h3>\n            <small class=\"text-muted\"><i class=\"fas fa-copy\"><\/i> 1 file(s) &nbsp; <i class=\"fas fa-hdd\"><\/i> 5.51 MB<\/small>\n        <\/div>\n        <div>\n            <a class='wpdm-download-link btn btn-primary ' rel='nofollow' href='#' onclick=\"location.href='https:\/\/www.geoportaligm.gob.ec\/portal\/index.php\/download\/2021-04-21_erosion_rio_quijos_pdf_v2\/?wpdmdl=5251&refresh=69f356e032bbf1777555168';return false;\">Descargar<\/a>\n        <\/div>\n    <\/div>\n\n<\/div>\n<div style=\"clear: both\"><\/div>\n\n<\/div> <!--12\/07\/2022--><br \/>\n                        <!--<iframe loading=\"lazy\" width=\"800\" height=\"300\"\n                            src=\"https:\/\/www.geoportaligm.gob.ec\/nextcloud\/index.php\/s\/sBwgY2kHFkTtqEw\" frameborder=\"0\"\n                            allow=\"accelerometer; autoplay; encrypted-media; gyroscope; picture-in-picture\"\n                            allowfullscreen><\/iframe>--><\/p>\n<h4>\n                        <a data-toggle=\"collapse\" data-parent=\"#accordion\" href=\"#collapse19\">Toma de Fotograf\u00eda A\u00e9rea<br \/>\n                            Rio Quijos 26-02-2021<\/a><br \/>\n                    <\/h4>\n<p>                        <div class='w3eden'><!-- WPDM Link Template: Default Template -->\n\n\n<div class=\"wpdm-link-template link-template-default thumbnail\" >\n\n    <div class=\"media\" style=\"display: flex\">\n        <div class=\"pull-left\"><img class=\"wpdm_icon\" alt=\"Icono\"   src=\"https:\/\/www.geoportaligm.gob.ec\/portal\/wp-content\/plugins\/download-manager\/assets\/file-type-icons\/tiff.svg\" \/><\/div>\n        <div class=\"media-body\"><h3 class=\"package-title\">2021-02-26_Erosi\u00f3n_Rio_Quijos_ORTOFOTOS_v2<\/h3>\n            <small class=\"text-muted\"><i class=\"fas fa-copy\"><\/i> 1 file(s) &nbsp; <i class=\"fas fa-hdd\"><\/i> 198.44 MB<\/small>\n        <\/div>\n        <div>\n            <a class='wpdm-download-link btn btn-primary ' rel='nofollow' href='#' onclick=\"location.href='https:\/\/www.geoportaligm.gob.ec\/portal\/index.php\/download\/2020-02-26_erosion_rio_quijos_ortofotos_v2\/?wpdmdl=5014&refresh=69f356e0333b91777555168';return false;\">Descargar<\/a>\n        <\/div>\n    <\/div>\n\n<\/div>\n<div style=\"clear: both\"><\/div>\n\n<\/div><br \/>\n                        <div class='w3eden'><!-- WPDM Link Template: Default Template -->\n\n\n<div class=\"wpdm-link-template link-template-default thumbnail\" >\n\n    <div class=\"media\" style=\"display: flex\">\n        <div class=\"pull-left\"><img class=\"wpdm_icon\" alt=\"Icono\"   src=\"https:\/\/www.geoportaligm.gob.ec\/portal\/wp-content\/plugins\/download-manager\/assets\/file-type-icons\/tiff.svg\" \/><\/div>\n        <div class=\"media-body\"><h3 class=\"package-title\">2021-02-26_Erosi\u00f3n_Rio_Quijos_DTM_v2<\/h3>\n            <small class=\"text-muted\"><i class=\"fas fa-copy\"><\/i> 1 file(s) &nbsp; <i class=\"fas fa-hdd\"><\/i> 193.49 MB<\/small>\n        <\/div>\n        <div>\n            <a class='wpdm-download-link btn btn-primary ' rel='nofollow' href='#' onclick=\"location.href='https:\/\/www.geoportaligm.gob.ec\/portal\/index.php\/download\/2021-02-26_erosion_rio_quijos_dtm_v2\/?wpdmdl=5016&refresh=69f356e033be81777555168';return false;\">Descargar<\/a>\n        <\/div>\n    <\/div>\n\n<\/div>\n<div style=\"clear: both\"><\/div>\n\n<\/div><br \/>\n                        <div class='w3eden'><!-- WPDM Link Template: Default Template -->\n\n\n<div class=\"wpdm-link-template link-template-default thumbnail\" >\n\n    <div class=\"media\" style=\"display: flex\">\n        <div class=\"pull-left\"><img class=\"wpdm_icon\" alt=\"Icono\"   src=\"https:\/\/www.geoportaligm.gob.ec\/portal\/wp-content\/plugins\/download-manager\/assets\/file-type-icons\/pdf.svg\" \/><\/div>\n        <div class=\"media-body\"><h3 class=\"package-title\">2021-02-26_Erosi\u00f3n_Rio_Quijos_PDF<\/h3>\n            <small class=\"text-muted\"><i class=\"fas fa-copy\"><\/i> 1 file(s) &nbsp; <i class=\"fas fa-hdd\"><\/i> 5.30 MB<\/small>\n        <\/div>\n        <div>\n            <a class='wpdm-download-link btn btn-primary ' rel='nofollow' href='#' onclick=\"location.href='https:\/\/www.geoportaligm.gob.ec\/portal\/index.php\/download\/2021-02-26_erosion_rio_quijos_pdf\/?wpdmdl=4983&refresh=69f356e0345931777555168';return false;\">Descargar<\/a>\n        <\/div>\n    <\/div>\n\n<\/div>\n<div style=\"clear: both\"><\/div>\n\n<\/div> <!--12\/07\/2022--><br \/>\n                        <!--<iframe loading=\"lazy\" width=\"800\" height=\"300\"\n                            src=\"https:\/\/www.geoportaligm.gob.ec\/nextcloud\/index.php\/s\/wm3dkFbGaLJLjYL\" frameborder=\"0\"\n                            allow=\"accelerometer; autoplay; encrypted-media; gyroscope; picture-in-picture\"\n                            allowfullscreen><\/iframe>--><\/p>\n<h4>\n                        <a data-toggle=\"collapse\" data-parent=\"#accordion\" href=\"#collapse18\">Toma de Fotograf\u00eda A\u00e9rea<br \/>\n                            Rio Quijos 15-01-2021<\/a><br \/>\n                    <\/h4>\n<p>                        <div class='w3eden'><!-- WPDM Link Template: Default Template -->\n\n\n<div class=\"wpdm-link-template link-template-default thumbnail\" >\n\n    <div class=\"media\" style=\"display: flex\">\n        <div class=\"pull-left\"><img class=\"wpdm_icon\" alt=\"Icono\"   src=\"https:\/\/www.geoportaligm.gob.ec\/portal\/wp-content\/plugins\/download-manager\/assets\/file-type-icons\/tiff.svg\" \/><\/div>\n        <div class=\"media-body\"><h3 class=\"package-title\">2021-01-15_Erosi\u00f3n_Rio_Quijos_DTM<\/h3>\n            <small class=\"text-muted\"><i class=\"fas fa-copy\"><\/i> 1 file(s) &nbsp; <i class=\"fas fa-hdd\"><\/i> 201.84 MB<\/small>\n        <\/div>\n        <div>\n            <a class='wpdm-download-link btn btn-primary ' rel='nofollow' href='#' onclick=\"location.href='https:\/\/www.geoportaligm.gob.ec\/portal\/index.php\/download\/2021-01-15_erosion_rio_quijos_dtm\/?wpdmdl=4905&refresh=69f356e034d8b1777555168';return false;\">Descargar<\/a>\n        <\/div>\n    <\/div>\n\n<\/div>\n<div style=\"clear: both\"><\/div>\n\n<\/div><br \/>\n                        <div class='w3eden'><!-- WPDM Link Template: Default Template -->\n\n\n<div class=\"wpdm-link-template link-template-default thumbnail\" >\n\n    <div class=\"media\" style=\"display: flex\">\n        <div class=\"pull-left\"><img class=\"wpdm_icon\" alt=\"Icono\"   src=\"https:\/\/www.geoportaligm.gob.ec\/portal\/wp-content\/plugins\/download-manager\/assets\/file-type-icons\/tiff.svg\" \/><\/div>\n        <div class=\"media-body\"><h3 class=\"package-title\">2021-01-15_Erosi\u00f3n_Rio_Quijos_ORTOFOTOS<\/h3>\n            <small class=\"text-muted\"><i class=\"fas fa-copy\"><\/i> 1 file(s) &nbsp; <i class=\"fas fa-hdd\"><\/i> 219.00 MB<\/small>\n        <\/div>\n        <div>\n            <a class='wpdm-download-link btn btn-primary ' rel='nofollow' href='#' onclick=\"location.href='https:\/\/www.geoportaligm.gob.ec\/portal\/index.php\/download\/2021-01-15_erosion_rio_quijos_ortofotos\/?wpdmdl=4906&refresh=69f356e03558c1777555168';return false;\">Descargar<\/a>\n        <\/div>\n    <\/div>\n\n<\/div>\n<div style=\"clear: both\"><\/div>\n\n<\/div> <!--12\/07\/2022--><br \/>\n                        <!--<iframe loading=\"lazy\" width=\"800\" height=\"300\"\n                            src=\"https:\/\/www.geoportaligm.gob.ec\/nextcloud\/index.php\/s\/mfTxebkEposXqBM\" frameborder=\"0\"\n                            allow=\"accelerometer; autoplay; encrypted-media; gyroscope; picture-in-picture\"\n                            allowfullscreen><\/iframe>--><\/p>\n<h4>\n                        <a data-toggle=\"collapse\" data-parent=\"#accordion\" href=\"#collapse17\">Toma de Fotograf\u00eda A\u00e9rea<br \/>\n                            Rio Quijos 17-12-2020<\/a><br \/>\n                    <\/h4>\n<p>                        <div class='w3eden'><!-- WPDM Link Template: Default Template -->\n\n\n<div class=\"wpdm-link-template link-template-default thumbnail\" >\n\n    <div class=\"media\" style=\"display: flex\">\n        <div class=\"pull-left\"><img class=\"wpdm_icon\" alt=\"Icono\"   src=\"https:\/\/www.geoportaligm.gob.ec\/portal\/wp-content\/plugins\/download-manager\/assets\/file-type-icons\/tiff.svg\" \/><\/div>\n        <div class=\"media-body\"><h3 class=\"package-title\">2020-12-17-Erosi\u00f3n-Rio-Quijos_ORTOFOTO<\/h3>\n            <small class=\"text-muted\"><i class=\"fas fa-copy\"><\/i> 1 file(s) &nbsp; <i class=\"fas fa-hdd\"><\/i> 124.70 MB<\/small>\n        <\/div>\n        <div>\n            <a class='wpdm-download-link btn btn-primary ' rel='nofollow' href='#' onclick=\"location.href='https:\/\/www.geoportaligm.gob.ec\/portal\/index.php\/download\/2020-12-17-erosion-rio-quijos_ortofoto\/?wpdmdl=4875&refresh=69f356e035dab1777555168';return false;\">Descargar<\/a>\n        <\/div>\n    <\/div>\n\n<\/div>\n<div style=\"clear: both\"><\/div>\n\n<\/div><br \/>\n                        <div class='w3eden'><!-- WPDM Link Template: Default Template -->\n\n\n<div class=\"wpdm-link-template link-template-default thumbnail\" >\n\n    <div class=\"media\" style=\"display: flex\">\n        <div class=\"pull-left\"><img class=\"wpdm_icon\" alt=\"Icono\"   src=\"https:\/\/www.geoportaligm.gob.ec\/portal\/wp-content\/plugins\/download-manager\/assets\/file-type-icons\/tiff.svg\" \/><\/div>\n        <div class=\"media-body\"><h3 class=\"package-title\">2020-12-17-Erosi\u00f3n-Rio-Quijos_MDE<\/h3>\n            <small class=\"text-muted\"><i class=\"fas fa-copy\"><\/i> 1 file(s) &nbsp; <i class=\"fas fa-hdd\"><\/i> 552.37 MB<\/small>\n        <\/div>\n        <div>\n            <a class='wpdm-download-link btn btn-primary ' rel='nofollow' href='#' onclick=\"location.href='https:\/\/www.geoportaligm.gob.ec\/portal\/index.php\/download\/2020-12-17-erosion-rio-quijos_mde\/?wpdmdl=4876&refresh=69f356e0365741777555168';return false;\">Descargar<\/a>\n        <\/div>\n    <\/div>\n\n<\/div>\n<div style=\"clear: both\"><\/div>\n\n<\/div> <!--12\/07\/2022--><br \/>\n                        <!--<iframe loading=\"lazy\" width=\"800\" height=\"300\"\n                            src=\"https:\/\/www.geoportaligm.gob.ec\/nextcloud\/index.php\/s\/BApjH4PDx9DMHbg\" frameborder=\"0\"\n                            allow=\"accelerometer; autoplay; encrypted-media; gyroscope; picture-in-picture\"\n                            allowfullscreen><\/iframe>--><\/p>\n<h4>\n                        <a data-toggle=\"collapse\" data-parent=\"#accordion\" href=\"#collapse16\">Toma de Fotograf\u00eda A\u00e9rea<br \/>\n                            Rio Quijos 25-11-2020<\/a><br \/>\n                    <\/h4>\n<p>                        <div class='w3eden'><!-- WPDM Link Template: Default Template -->\n\n\n<div class=\"wpdm-link-template link-template-default thumbnail\" >\n\n    <div class=\"media\" style=\"display: flex\">\n        <div class=\"pull-left\"><img class=\"wpdm_icon\" alt=\"Icono\"   src=\"https:\/\/www.geoportaligm.gob.ec\/portal\/wp-content\/plugins\/download-manager\/assets\/file-type-icons\/tiff.svg\" \/><\/div>\n        <div class=\"media-body\"><h3 class=\"package-title\">2020-11-25_Erosi\u00f3n_Rio_Quijos_MDE<\/h3>\n            <small class=\"text-muted\"><i class=\"fas fa-copy\"><\/i> 1 file(s) &nbsp; <i class=\"fas fa-hdd\"><\/i> 236.19 MB<\/small>\n        <\/div>\n        <div>\n            <a class='wpdm-download-link btn btn-primary ' rel='nofollow' href='#' onclick=\"location.href='https:\/\/www.geoportaligm.gob.ec\/portal\/index.php\/download\/2020-11-25_erosion_rio_quijos_mde\/?wpdmdl=4885&refresh=69f356e036d771777555168';return false;\">Descargar<\/a>\n        <\/div>\n    <\/div>\n\n<\/div>\n<div style=\"clear: both\"><\/div>\n\n<\/div><br \/>\n                        <div class='w3eden'><!-- WPDM Link Template: Default Template -->\n\n\n<div class=\"wpdm-link-template link-template-default thumbnail\" >\n\n    <div class=\"media\" style=\"display: flex\">\n        <div class=\"pull-left\"><img class=\"wpdm_icon\" alt=\"Icono\"   src=\"https:\/\/www.geoportaligm.gob.ec\/portal\/wp-content\/plugins\/download-manager\/assets\/file-type-icons\/tiff.svg\" \/><\/div>\n        <div class=\"media-body\"><h3 class=\"package-title\">2020-11-25_Erosi\u00f3n_Rio_Quijos_ORTOFOTOS<\/h3>\n            <small class=\"text-muted\"><i class=\"fas fa-copy\"><\/i> 1 file(s) &nbsp; <i class=\"fas fa-hdd\"><\/i> 264.45 MB<\/small>\n        <\/div>\n        <div>\n            <a class='wpdm-download-link btn btn-primary ' rel='nofollow' href='#' onclick=\"location.href='https:\/\/www.geoportaligm.gob.ec\/portal\/index.php\/download\/2020-11-25_erosion_rio_quijos_ortofotos\/?wpdmdl=4884&refresh=69f356e03755a1777555168';return false;\">Descargar<\/a>\n        <\/div>\n    <\/div>\n\n<\/div>\n<div style=\"clear: both\"><\/div>\n\n<\/div><br \/>\n                        <!--<iframe loading=\"lazy\" width=\"800\" height=\"300\"\n                            src=\"https:\/\/www.geoportaligm.gob.ec\/nextcloud\/index.php\/s\/yN5JP2J6qgSzrg2\" frameborder=\"0\"\n                            allow=\"accelerometer; autoplay; encrypted-media; gyroscope; picture-in-picture\"\n                            allowfullscreen><\/iframe>--><\/p>\n<h4>\n                        <a data-toggle=\"collapse\" data-parent=\"#accordion\" href=\"#collapse14\">Toma de Fotograf\u00eda A\u00e9rea<br \/>\n                            Rio Quijos 13-11-2020<\/a><br \/>\n                    <\/h4>\n<p>                        <div class='w3eden'><!-- WPDM Link Template: Default Template -->\n\n\n<div class=\"wpdm-link-template link-template-default thumbnail\" >\n\n    <div class=\"media\" style=\"display: flex\">\n        <div class=\"pull-left\"><img class=\"wpdm_icon\" alt=\"Icono\"   src=\"https:\/\/www.geoportaligm.gob.ec\/portal\/wp-content\/plugins\/download-manager\/assets\/file-type-icons\/tiff.svg\" \/><\/div>\n        <div class=\"media-body\"><h3 class=\"package-title\">2020-11-13-Erosi\u00f3n-Rio-Quijos_ORTOFOTO<\/h3>\n            <small class=\"text-muted\"><i class=\"fas fa-copy\"><\/i> 1 file(s) &nbsp; <i class=\"fas fa-hdd\"><\/i> 75.01 MB<\/small>\n        <\/div>\n        <div>\n            <a class='wpdm-download-link btn btn-primary ' rel='nofollow' href='#' onclick=\"location.href='https:\/\/www.geoportaligm.gob.ec\/portal\/index.php\/download\/2020-11-13-erosion-rio-quijos_ortofoto\/?wpdmdl=4813&refresh=69f356e037d321777555168';return false;\">Descargar<\/a>\n        <\/div>\n    <\/div>\n\n<\/div>\n<div style=\"clear: both\"><\/div>\n\n<\/div><br \/>\n                        <div class='w3eden'><!-- WPDM Link Template: Default Template -->\n\n\n<div class=\"wpdm-link-template link-template-default thumbnail\" >\n\n    <div class=\"media\" style=\"display: flex\">\n        <div class=\"pull-left\"><img class=\"wpdm_icon\" alt=\"Icono\"   src=\"https:\/\/www.geoportaligm.gob.ec\/portal\/wp-content\/plugins\/download-manager\/assets\/file-type-icons\/tiff.svg\" \/><\/div>\n        <div class=\"media-body\"><h3 class=\"package-title\">2020-11-13-Erosi\u00f3n-Rio-Quijos_MDE<\/h3>\n            <small class=\"text-muted\"><i class=\"fas fa-copy\"><\/i> 1 file(s) &nbsp; <i class=\"fas fa-hdd\"><\/i> 79.78 MB<\/small>\n        <\/div>\n        <div>\n            <a class='wpdm-download-link btn btn-primary ' rel='nofollow' href='#' onclick=\"location.href='https:\/\/www.geoportaligm.gob.ec\/portal\/index.php\/download\/2020-11-13-erosion-rio-quijos_mde\/?wpdmdl=4814&refresh=69f356e0385631777555168';return false;\">Descargar<\/a>\n        <\/div>\n    <\/div>\n\n<\/div>\n<div style=\"clear: both\"><\/div>\n\n<\/div><br \/>\n                        <!--<iframe loading=\"lazy\" width=\"800\" height=\"300\"\n                            src=\"https:\/\/www.geoportaligm.gob.ec\/nextcloud\/index.php\/s\/EYecr5QXBAEiMMM\" frameborder=\"0\"\n                            allow=\"accelerometer; autoplay; encrypted-media; gyroscope; picture-in-picture\"\n                            allowfullscreen><\/iframe>--><\/p>\n<h4>\n                        <a data-toggle=\"collapse\" data-parent=\"#accordion\" href=\"#collapse13\">Toma de Fotograf\u00eda A\u00e9rea<br \/>\n                            Rio Quijos 08-10-2020<\/a><br \/>\n                    <\/h4>\n<p>                        <div class='w3eden'><!-- WPDM Link Template: Default Template -->\n\n\n<div class=\"wpdm-link-template link-template-default thumbnail\" >\n\n    <div class=\"media\" style=\"display: flex\">\n        <div class=\"pull-left\"><img class=\"wpdm_icon\" alt=\"Icono\"   src=\"https:\/\/www.geoportaligm.gob.ec\/portal\/wp-content\/plugins\/download-manager\/assets\/file-type-icons\/tiff.svg\" \/><\/div>\n        <div class=\"media-body\"><h3 class=\"package-title\">2020-10-08-Erosi\u00f3n-Rio-Quijos_ORTOFOTO<\/h3>\n            <small class=\"text-muted\"><i class=\"fas fa-copy\"><\/i> 1 file(s) &nbsp; <i class=\"fas fa-hdd\"><\/i> 207.51 MB<\/small>\n        <\/div>\n        <div>\n            <a class='wpdm-download-link btn btn-primary ' rel='nofollow' href='#' onclick=\"location.href='https:\/\/www.geoportaligm.gob.ec\/portal\/index.php\/download\/2020-10-02-erosion-rio-quijos\/?wpdmdl=4654&refresh=69f356e038f471777555168';return false;\">Descargar<\/a>\n        <\/div>\n    <\/div>\n\n<\/div>\n<div style=\"clear: both\"><\/div>\n\n<\/div><br \/>\n                        <div class='w3eden'><!-- WPDM Link Template: Default Template -->\n\n\n<div class=\"wpdm-link-template link-template-default thumbnail\" >\n\n    <div class=\"media\" style=\"display: flex\">\n        <div class=\"pull-left\"><img class=\"wpdm_icon\" alt=\"Icono\"   src=\"https:\/\/www.geoportaligm.gob.ec\/portal\/wp-content\/plugins\/download-manager\/assets\/file-type-icons\/tiff.svg\" \/><\/div>\n        <div class=\"media-body\"><h3 class=\"package-title\">2020-10-08-Rio-Quijos-erosi\u00f3n_DTM<\/h3>\n            <small class=\"text-muted\"><i class=\"fas fa-copy\"><\/i> 1 file(s) &nbsp; <i class=\"fas fa-hdd\"><\/i> 119.26 MB<\/small>\n        <\/div>\n        <div>\n            <a class='wpdm-download-link btn btn-primary ' rel='nofollow' href='#' onclick=\"location.href='https:\/\/www.geoportaligm.gob.ec\/portal\/index.php\/download\/2020-10-08-rio-quijos-erosion_dtm\/?wpdmdl=4653&refresh=69f356e0397601777555168';return false;\">Descargar<\/a>\n        <\/div>\n    <\/div>\n\n<\/div>\n<div style=\"clear: both\"><\/div>\n\n<\/div><br \/>\n                        <!--<iframe loading=\"lazy\" width=\"800\" height=\"300\"\n                            src=\"https:\/\/www.geoportaligm.gob.ec\/nextcloud\/index.php\/s\/p3HYab2Cwtjwzxn\" frameborder=\"0\"\n                            allow=\"accelerometer; autoplay; encrypted-media; gyroscope; picture-in-picture\"\n                            allowfullscreen><\/iframe>--><\/p>\n<h4>\n                        <a data-toggle=\"collapse\" data-parent=\"#accordion\" href=\"#collapse12\">Toma de Fotograf\u00eda A\u00e9rea<br \/>\n                            Rio Quijos 02-10-2020<\/a><br \/>\n                    <\/h4>\n<p>                        <div class='w3eden'><!-- WPDM Link Template: Default Template -->\n\n\n<div class=\"wpdm-link-template link-template-default thumbnail\" >\n\n    <div class=\"media\" style=\"display: flex\">\n        <div class=\"pull-left\"><img class=\"wpdm_icon\" alt=\"Icono\"   src=\"https:\/\/www.geoportaligm.gob.ec\/portal\/wp-content\/plugins\/download-manager\/assets\/file-type-icons\/tiff.svg\" \/><\/div>\n        <div class=\"media-body\"><h3 class=\"package-title\">2020-10-02-Erosi\u00f3n-Rio-Quijos_ORTOFOTO<\/h3>\n            <small class=\"text-muted\"><i class=\"fas fa-copy\"><\/i> 1 file(s) &nbsp; <i class=\"fas fa-hdd\"><\/i> 786.71 MB<\/small>\n        <\/div>\n        <div>\n            <a class='wpdm-download-link btn btn-primary ' rel='nofollow' href='#' onclick=\"location.href='https:\/\/www.geoportaligm.gob.ec\/portal\/index.php\/download\/rio-quijos-san-rafael\/?wpdmdl=4595&refresh=69f356e039f4a1777555168';return false;\">Descargar<\/a>\n        <\/div>\n    <\/div>\n\n<\/div>\n<div style=\"clear: both\"><\/div>\n\n<\/div><br \/>\n                        <div class='w3eden'><!-- WPDM Link Template: Default Template -->\n\n\n<div class=\"wpdm-link-template link-template-default thumbnail\" >\n\n    <div class=\"media\" style=\"display: flex\">\n        <div class=\"pull-left\"><img class=\"wpdm_icon\" alt=\"Icono\"   src=\"https:\/\/www.geoportaligm.gob.ec\/portal\/wp-content\/plugins\/download-manager\/assets\/file-type-icons\/tiff.svg\" \/><\/div>\n        <div class=\"media-body\"><h3 class=\"package-title\">2020-10-02-Rio-Quijos-erosi\u00f3n_DTM<\/h3>\n            <small class=\"text-muted\"><i class=\"fas fa-copy\"><\/i> 1 file(s) &nbsp; <i class=\"fas fa-hdd\"><\/i> 47.86 MB<\/small>\n        <\/div>\n        <div>\n            <a class='wpdm-download-link btn btn-primary ' rel='nofollow' href='#' onclick=\"location.href='https:\/\/www.geoportaligm.gob.ec\/portal\/index.php\/download\/2020-10-02-rio-quijos-dtm\/?wpdmdl=4639&refresh=69f356e03a74e1777555168';return false;\">Descargar<\/a>\n        <\/div>\n    <\/div>\n\n<\/div>\n<div style=\"clear: both\"><\/div>\n\n<\/div><br \/>\n                        <!-- <iframe loading=\"lazy\" width=\"800\" height=\"300\"\n                            src=\"https:\/\/www.geoportaligm.gob.ec\/nextcloud\/index.php\/s\/crXngJyztjK3SgT\" frameborder=\"0\"\n                            allow=\"accelerometer; autoplay; encrypted-media; gyroscope; picture-in-picture\"\n                            allowfullscreen><\/iframe> --><\/p>\n<h4>\n                        <a data-toggle=\"collapse\" data-parent=\"#accordion\" href=\"#collapse22\">Avance de obtenci\u00f3n de<br \/>\n                            Ortofotos R\u00edo Quijos al 27-08-2020<\/a><br \/>\n                    <\/h4>\n<p>                        <!-- [wpdm_package id='4491']\n                      [wpdm_package id='4493']\n                      --><br \/>\n                        <div class='w3eden'><!-- WPDM Link Template: Default Template -->\n\n\n<div class=\"wpdm-link-template link-template-default thumbnail\" >\n\n    <div class=\"media\" style=\"display: flex\">\n        <div class=\"pull-left\"><img class=\"wpdm_icon\" alt=\"Icono\"   src=\"https:\/\/www.geoportaligm.gob.ec\/portal\/wp-content\/plugins\/download-manager\/assets\/file-type-icons\/tiff.svg\" \/><\/div>\n        <div class=\"media-body\"><h3 class=\"package-title\">Represa 27-08-2020<\/h3>\n            <small class=\"text-muted\"><i class=\"fas fa-copy\"><\/i> 1 file(s) &nbsp; <i class=\"fas fa-hdd\"><\/i> 0.00 KB<\/small>\n        <\/div>\n        <div>\n            <a class='wpdm-download-link btn btn-primary ' rel='nofollow' href='#' onclick=\"location.href='https:\/\/www.geoportaligm.gob.ec\/portal\/index.php\/download\/represa-27-08-2020\/?wpdmdl=4553&refresh=69f356e03aef51777555168';return false;\">Descargar<\/a>\n        <\/div>\n    <\/div>\n\n<\/div>\n<div style=\"clear: both\"><\/div>\n\n<\/div><br \/>\n                        <div class='w3eden'><!-- WPDM Link Template: Default Template -->\n\n\n<div class=\"wpdm-link-template link-template-default thumbnail\" >\n\n    <div class=\"media\" style=\"display: flex\">\n        <div class=\"pull-left\"><img class=\"wpdm_icon\" alt=\"Icono\"   src=\"https:\/\/www.geoportaligm.gob.ec\/portal\/wp-content\/plugins\/download-manager\/assets\/file-type-icons\/pdf.svg\" \/><\/div>\n        <div class=\"media-body\"><h3 class=\"package-title\">R\u00edo Quijos Completo en PDF<\/h3>\n            <small class=\"text-muted\"><i class=\"fas fa-copy\"><\/i> 1 file(s) &nbsp; <i class=\"fas fa-hdd\"><\/i> 5,7 MB<\/small>\n        <\/div>\n        <div>\n            <a class='wpdm-download-link btn btn-primary ' rel='nofollow' href='#' onclick=\"location.href='https:\/\/www.geoportaligm.gob.ec\/portal\/index.php\/download\/rio-quijos-completo-en-pdf\/?wpdmdl=4555&refresh=69f356e03b6f01777555168';return false;\">Descargar<\/a>\n        <\/div>\n    <\/div>\n\n<\/div>\n<div style=\"clear: both\"><\/div>\n\n<\/div><br \/>\n                        <div class='w3eden'><!-- WPDM Link Template: Default Template -->\n\n\n<div class=\"wpdm-link-template link-template-default thumbnail\" >\n\n    <div class=\"media\" style=\"display: flex\">\n        <div class=\"pull-left\"><img class=\"wpdm_icon\" alt=\"Icono\"   src=\"https:\/\/www.geoportaligm.gob.ec\/portal\/wp-content\/plugins\/download-manager\/assets\/file-type-icons\/tiff.svg\" \/><\/div>\n        <div class=\"media-body\"><h3 class=\"package-title\">Rio Quijos completo al 27-08-2020<\/h3>\n            <small class=\"text-muted\"><i class=\"fas fa-copy\"><\/i> 1 file(s) &nbsp; <i class=\"fas fa-hdd\"><\/i> 4 GB<\/small>\n        <\/div>\n        <div>\n            <a class='wpdm-download-link btn btn-primary ' rel='nofollow' href='#' onclick=\"location.href='https:\/\/www.geoportaligm.gob.ec\/portal\/index.php\/download\/rio-quijos-completo-al-27-08-2020\/?wpdmdl=4560&refresh=69f356e03bec81777555168';return false;\">Descargar<\/a>\n        <\/div>\n    <\/div>\n\n<\/div>\n<div style=\"clear: both\"><\/div>\n\n<\/div><\/p>\n<h4>\n                        <a data-toggle=\"collapse\" data-parent=\"#accordion\" href=\"#collapse11\">Toma de Fotograf\u00eda Rio<br \/>\n                            Quijos 24-08-2020<\/a><br \/>\n                    <\/h4>\n<p>                        <div class='w3eden'><!-- WPDM Link Template: Default Template -->\n\n\n<div class=\"wpdm-link-template link-template-default thumbnail\" >\n\n    <div class=\"media\" style=\"display: flex\">\n        <div class=\"pull-left\"><img class=\"wpdm_icon\" alt=\"Icono\"   src=\"https:\/\/www.geoportaligm.gob.ec\/portal\/wp-content\/plugins\/download-manager\/assets\/file-type-icons\/tiff.svg\" \/><\/div>\n        <div class=\"media-body\"><h3 class=\"package-title\">Erosi\u00f3n r\u00edo Quijos 24-08-2020<\/h3>\n            <small class=\"text-muted\"><i class=\"fas fa-copy\"><\/i> 1 file(s) &nbsp; <i class=\"fas fa-hdd\"><\/i> 0.00 KB<\/small>\n        <\/div>\n        <div>\n            <a class='wpdm-download-link btn btn-primary ' rel='nofollow' href='#' onclick=\"location.href='https:\/\/www.geoportaligm.gob.ec\/portal\/index.php\/download\/erosion-rio-quijos-24-08-2020\/?wpdmdl=4533&refresh=69f356e03c6aa1777555168';return false;\">Descargar<\/a>\n        <\/div>\n    <\/div>\n\n<\/div>\n<div style=\"clear: both\"><\/div>\n\n<\/div><br \/>\n                        <div class='w3eden'><!-- WPDM Link Template: Default Template -->\n\n\n<div class=\"wpdm-link-template link-template-default thumbnail\" >\n\n    <div class=\"media\" style=\"display: flex\">\n        <div class=\"pull-left\"><img class=\"wpdm_icon\" alt=\"Icono\"   src=\"https:\/\/www.geoportaligm.gob.ec\/portal\/wp-content\/plugins\/download-manager\/assets\/file-type-icons\/tiff.svg\" \/><\/div>\n        <div class=\"media-body\"><h3 class=\"package-title\">DTM Erosi\u00f3n Rio Quijos 24-08-2020<\/h3>\n            <small class=\"text-muted\"><i class=\"fas fa-copy\"><\/i> 1 file(s) &nbsp; <i class=\"fas fa-hdd\"><\/i> 0.00 KB<\/small>\n        <\/div>\n        <div>\n            <a class='wpdm-download-link btn btn-primary ' rel='nofollow' href='#' onclick=\"location.href='https:\/\/www.geoportaligm.gob.ec\/portal\/index.php\/download\/dtm-erosion-rio-quijos-24-08-2020\/?wpdmdl=4541&refresh=69f356e03ce491777555168';return false;\">Descargar<\/a>\n        <\/div>\n    <\/div>\n\n<\/div>\n<div style=\"clear: both\"><\/div>\n\n<\/div><br \/>\n                        <!--<iframe loading=\"lazy\" width=\"800\" height=\"300\"\n                            src=\"https:\/\/www.geoportaligm.gob.ec\/nextcloud\/index.php\/s\/6ykindSs85afePb\" frameborder=\"0\"\n                            allow=\"accelerometer; autoplay; encrypted-media; gyroscope; picture-in-picture\"\n                            allowfullscreen><\/iframe>--><\/p>\n<h4>\n                        <a data-toggle=\"collapse\" data-parent=\"#accordion\" href=\"#collapse10\">Toma de Fotograf\u00eda Rio<br \/>\n                            Quijos 29-07-2020<\/a><br \/>\n                    <\/h4>\n<p>                        <div class='w3eden'><!-- WPDM Link Template: Default Template -->\n\n\n<div class=\"wpdm-link-template link-template-default thumbnail\" >\n\n    <div class=\"media\" style=\"display: flex\">\n        <div class=\"pull-left\"><img class=\"wpdm_icon\" alt=\"Icono\"   src=\"https:\/\/www.geoportaligm.gob.ec\/portal\/wp-content\/plugins\/download-manager\/assets\/file-type-icons\/tiff.svg\" \/><\/div>\n        <div class=\"media-body\"><h3 class=\"package-title\">2020-07-29-Erosi\u00f3n-Rio-Quijos<\/h3>\n            <small class=\"text-muted\"><i class=\"fas fa-copy\"><\/i> 1 file(s) &nbsp; <i class=\"fas fa-hdd\"><\/i> 492.4<\/small>\n        <\/div>\n        <div>\n            <a class='wpdm-download-link btn btn-primary ' rel='nofollow' href='#' onclick=\"location.href='https:\/\/www.geoportaligm.gob.ec\/portal\/index.php\/download\/2020-07-29-erosion-rio-quijos\/?wpdmdl=4517&refresh=69f356e03d6661777555168';return false;\">Descargar<\/a>\n        <\/div>\n    <\/div>\n\n<\/div>\n<div style=\"clear: both\"><\/div>\n\n<\/div><br \/>\n                        <div class='w3eden'><!-- WPDM Link Template: Default Template -->\n\n\n<div class=\"wpdm-link-template link-template-default thumbnail\" >\n\n    <div class=\"media\" style=\"display: flex\">\n        <div class=\"pull-left\"><img class=\"wpdm_icon\" alt=\"Icono\"   src=\"https:\/\/www.geoportaligm.gob.ec\/portal\/wp-content\/plugins\/download-manager\/assets\/file-type-icons\/tiff.svg\" \/><\/div>\n        <div class=\"media-body\"><h3 class=\"package-title\">2020 07 29 Rio Quijos DTM<\/h3>\n            <small class=\"text-muted\"><i class=\"fas fa-copy\"><\/i> 1 file(s) &nbsp; <i class=\"fas fa-hdd\"><\/i> 40MB<\/small>\n        <\/div>\n        <div>\n            <a class='wpdm-download-link btn btn-primary ' rel='nofollow' href='#' onclick=\"location.href='https:\/\/www.geoportaligm.gob.ec\/portal\/index.php\/download\/2020-07-29-rio-quijos-dtm\/?wpdmdl=4522&refresh=69f356e03de7a1777555168';return false;\">Descargar<\/a>\n        <\/div>\n    <\/div>\n\n<\/div>\n<div style=\"clear: both\"><\/div>\n\n<\/div><br \/>\n                        <!--<iframe loading=\"lazy\" width=\"800\" height=\"300\"\n                            src=\"https:\/\/www.geoportaligm.gob.ec\/nextcloud\/index.php\/s\/gLcHbxdDaPMweFj\" frameborder=\"0\"\n                            allow=\"accelerometer; autoplay; encrypted-media; gyroscope; picture-in-picture\"\n                            allowfullscreen><\/iframe>--><\/p>\n<h4>\n                        <a data-toggle=\"collapse\" data-parent=\"#accordion\" href=\"#collapse8\">Toma de Fotograf\u00eda Rio<br \/>\n                            Quijos 22-07-2020<\/a><br \/>\n                    <\/h4>\n<p>                        <div class='w3eden'><!-- WPDM Link Template: Default Template -->\n\n\n<div class=\"wpdm-link-template link-template-default thumbnail\" >\n\n    <div class=\"media\" style=\"display: flex\">\n        <div class=\"pull-left\"><img class=\"wpdm_icon\" alt=\"Icono\"   src=\"https:\/\/www.geoportaligm.gob.ec\/portal\/wp-content\/plugins\/download-manager\/assets\/file-type-icons\/tiff.svg\" \/><\/div>\n        <div class=\"media-body\"><h3 class=\"package-title\">2020-07-22-Erosion-Rio-Quijos<\/h3>\n            <small class=\"text-muted\"><i class=\"fas fa-copy\"><\/i> 1 file(s) &nbsp; <i class=\"fas fa-hdd\"><\/i> 900 MB<\/small>\n        <\/div>\n        <div>\n            <a class='wpdm-download-link btn btn-primary ' rel='nofollow' href='#' onclick=\"location.href='https:\/\/www.geoportaligm.gob.ec\/portal\/index.php\/download\/2020-07-22-erosion-rio-quijos\/?wpdmdl=4485&refresh=69f356e03e69a1777555168';return false;\">Descargar<\/a>\n        <\/div>\n    <\/div>\n\n<\/div>\n<div style=\"clear: both\"><\/div>\n\n<\/div><br \/>\n                        <div class='w3eden'><!-- WPDM Link Template: Default Template -->\n\n\n<div class=\"wpdm-link-template link-template-default thumbnail\" >\n\n    <div class=\"media\" style=\"display: flex\">\n        <div class=\"pull-left\"><img class=\"wpdm_icon\" alt=\"Icono\"   src=\"https:\/\/www.geoportaligm.gob.ec\/portal\/wp-content\/plugins\/download-manager\/assets\/file-type-icons\/tiff.svg\" \/><\/div>\n        <div class=\"media-body\"><h3 class=\"package-title\">DTM Erosi\u00f3n Rio Quijos 22-07-2020<\/h3>\n            <small class=\"text-muted\"><i class=\"fas fa-copy\"><\/i> 1 file(s) &nbsp; <i class=\"fas fa-hdd\"><\/i> 61.1 MB<\/small>\n        <\/div>\n        <div>\n            <a class='wpdm-download-link btn btn-primary ' rel='nofollow' href='#' onclick=\"location.href='https:\/\/www.geoportaligm.gob.ec\/portal\/index.php\/download\/dtm-erosion-rio-quijos-22-07-2020\/?wpdmdl=4514&refresh=69f356e03ee671777555168';return false;\">Descargar<\/a>\n        <\/div>\n    <\/div>\n\n<\/div>\n<div style=\"clear: both\"><\/div>\n\n<\/div><br \/>\n                        <!--<iframe loading=\"lazy\" width=\"800\" height=\"300\"\n                            src=\"https:\/\/www.geoportaligm.gob.ec\/nextcloud\/index.php\/s\/r4yaPPzmJ8o5ACJ\" frameborder=\"0\"\n                            allow=\"accelerometer; autoplay; encrypted-media; gyroscope; picture-in-picture\"\n                            allowfullscreen><\/iframe>--><\/p>\n<h4>\n                        <a data-toggle=\"collapse\" data-parent=\"#accordion\" href=\"#collapse21\">Avance de obtenci\u00f3n de<br \/>\n                            Ortofotos R\u00edo Quijos al 08-07-2020<\/a><br \/>\n                    <\/h4>\n<p>                        <!-- [wpdm_package id='4491']\n                      [wpdm_package id='4493']--><br \/>\n                        <div class='w3eden'><!-- WPDM Link Template: Default Template -->\n\n\n<div class=\"wpdm-link-template link-template-default thumbnail\" >\n\n    <div class=\"media\" style=\"display: flex\">\n        <div class=\"pull-left\"><img class=\"wpdm_icon\" alt=\"Icono\"   src=\"https:\/\/www.geoportaligm.gob.ec\/portal\/wp-content\/plugins\/download-manager\/assets\/file-type-icons\/tiff.svg\" \/><\/div>\n        <div class=\"media-body\"><h3 class=\"package-title\">Ortofotos Avance Rio Quijos al 08-07-2020<\/h3>\n            <small class=\"text-muted\"><i class=\"fas fa-copy\"><\/i> 1 file(s) &nbsp; <i class=\"fas fa-hdd\"><\/i> 1.7GB<\/small>\n        <\/div>\n        <div>\n            <a class='wpdm-download-link btn btn-primary ' rel='nofollow' href='#' onclick=\"location.href='https:\/\/www.geoportaligm.gob.ec\/portal\/index.php\/download\/ortofotos-avance-rio-quijos-al-08-07-2020\/?wpdmdl=4508&refresh=69f356e03f67d1777555168';return false;\">Descargar<\/a>\n        <\/div>\n    <\/div>\n\n<\/div>\n<div style=\"clear: both\"><\/div>\n\n<\/div><br \/>\n                        <div class='w3eden'><!-- WPDM Link Template: Default Template -->\n\n\n<div class=\"wpdm-link-template link-template-default thumbnail\" >\n\n    <div class=\"media\" style=\"display: flex\">\n        <div class=\"pull-left\"><img class=\"wpdm_icon\" alt=\"Icono\"   src=\"https:\/\/www.geoportaligm.gob.ec\/portal\/wp-content\/plugins\/download-manager\/assets\/file-type-icons\/pdf.png\" \/><\/div>\n        <div class=\"media-body\"><h3 class=\"package-title\">Avance-Rio-Quijos-08-07-2020 pdf<\/h3>\n            <small class=\"text-muted\"><i class=\"fas fa-copy\"><\/i> 1 file(s) &nbsp; <i class=\"fas fa-hdd\"><\/i> 5.7 MB<\/small>\n        <\/div>\n        <div>\n            <a class='wpdm-download-link btn btn-primary ' rel='nofollow' href='#' onclick=\"location.href='https:\/\/www.geoportaligm.gob.ec\/portal\/index.php\/download\/avance-rio-quijos-08-07-2020-pdf\/?wpdmdl=4510&refresh=69f356e03fe021777555168';return false;\">Descargar<\/a>\n        <\/div>\n    <\/div>\n\n<\/div>\n<div style=\"clear: both\"><\/div>\n\n<\/div><br \/>\n                        <div class='w3eden'><!-- WPDM Link Template: Default Template -->\n\n\n<div class=\"wpdm-link-template link-template-default thumbnail\" >\n\n    <div class=\"media\" style=\"display: flex\">\n        <div class=\"pull-left\"><img class=\"wpdm_icon\" alt=\"Icono\"   src=\"https:\/\/www.geoportaligm.gob.ec\/portal\/wp-content\/plugins\/download-manager\/assets\/file-type-icons\/tiff.svg\" \/><\/div>\n        <div class=\"media-body\"><h3 class=\"package-title\">MDT Avance Rio Quijos al 08-07-2020<\/h3>\n            <small class=\"text-muted\"><i class=\"fas fa-copy\"><\/i> 1 file(s) &nbsp; <i class=\"fas fa-hdd\"><\/i> 2GB<\/small>\n        <\/div>\n        <div>\n            <a class='wpdm-download-link btn btn-primary ' rel='nofollow' href='#' onclick=\"location.href='https:\/\/www.geoportaligm.gob.ec\/portal\/index.php\/download\/mdt-avance-rio-quijos-al-08-07-2020\/?wpdmdl=4529&refresh=69f356e0405cf1777555168';return false;\">Descargar<\/a>\n        <\/div>\n    <\/div>\n\n<\/div>\n<div style=\"clear: both\"><\/div>\n\n<\/div><br \/>\n                        <!--<iframe loading=\"lazy\" width=\"800\" height=\"250\"\n                            src=\"https:\/\/www.geoportaligm.gob.ec\/nextcloud\/index.php\/s\/rmocxaPXwCSQ8iN\" frameborder=\"0\"\n                            allow=\"accelerometer; autoplay; encrypted-media; gyroscope; picture-in-picture\"\n                            allowfullscreen><\/iframe>--><\/p>\n<h4>\n                        <a data-toggle=\"collapse\" data-parent=\"#accordion\" href=\"#collapse7\">Toma de Fotograf\u00eda Rio<br \/>\n                            Quijos 08-07-2020<\/a><br \/>\n                    <\/h4>\n<p>                        <div class='w3eden'><!-- WPDM Link Template: Default Template -->\n\n\n<div class=\"wpdm-link-template link-template-default thumbnail\" >\n\n    <div class=\"media\" style=\"display: flex\">\n        <div class=\"pull-left\"><img class=\"wpdm_icon\" alt=\"Icono\"   src=\"https:\/\/www.geoportaligm.gob.ec\/portal\/wp-content\/plugins\/download-manager\/assets\/file-type-icons\/pdf.svg\" \/><\/div>\n        <div class=\"media-body\"><h3 class=\"package-title\">08-07-2020 Rio Quijos Erosi\u00f3n<\/h3>\n            <small class=\"text-muted\"><i class=\"fas fa-copy\"><\/i> 1 file(s) &nbsp; <i class=\"fas fa-hdd\"><\/i> 0.00 KB<\/small>\n        <\/div>\n        <div>\n            <a class='wpdm-download-link btn btn-primary ' rel='nofollow' href='#' onclick=\"location.href='https:\/\/www.geoportaligm.gob.ec\/portal\/index.php\/download\/09-07-2020-rio-quijos-erosion\/?wpdmdl=4467&refresh=69f356e040dbc1777555168';return false;\">Descargar<\/a>\n        <\/div>\n    <\/div>\n\n<\/div>\n<div style=\"clear: both\"><\/div>\n\n<\/div><br \/>\n                        <div class='w3eden'><!-- WPDM Link Template: Default Template -->\n\n\n<div class=\"wpdm-link-template link-template-default thumbnail\" >\n\n    <div class=\"media\" style=\"display: flex\">\n        <div class=\"pull-left\"><img class=\"wpdm_icon\" alt=\"Icono\"   src=\"https:\/\/www.geoportaligm.gob.ec\/portal\/wp-content\/plugins\/download-manager\/assets\/file-type-icons\/tiff.svg\" \/><\/div>\n        <div class=\"media-body\"><h3 class=\"package-title\">08-07-2020 Rio Quijos Erosi\u00f3n<\/h3>\n            <small class=\"text-muted\"><i class=\"fas fa-copy\"><\/i> 1 file(s) &nbsp; <i class=\"fas fa-hdd\"><\/i> 0.00 KB<\/small>\n        <\/div>\n        <div>\n            <a class='wpdm-download-link btn btn-primary ' rel='nofollow' href='#' onclick=\"location.href='https:\/\/www.geoportaligm.gob.ec\/portal\/index.php\/download\/08-07-2020-rio-quijos-erosion\/?wpdmdl=4469&refresh=69f356e0415c91777555168';return false;\">Descargar<\/a>\n        <\/div>\n    <\/div>\n\n<\/div>\n<div style=\"clear: both\"><\/div>\n\n<\/div><br \/>\n                        <div class='w3eden'><!-- WPDM Link Template: Default Template -->\n\n\n<div class=\"wpdm-link-template link-template-default thumbnail\" >\n\n    <div class=\"media\" style=\"display: flex\">\n        <div class=\"pull-left\"><img class=\"wpdm_icon\" alt=\"Icono\"   src=\"https:\/\/www.geoportaligm.gob.ec\/portal\/wp-content\/plugins\/download-manager\/assets\/file-type-icons\/tiff.svg\" \/><\/div>\n        <div class=\"media-body\"><h3 class=\"package-title\">2020-07-08-Rio-Quijos-erosion_DTM<\/h3>\n            <small class=\"text-muted\"><i class=\"fas fa-copy\"><\/i> 1 file(s) &nbsp; <i class=\"fas fa-hdd\"><\/i> 0.00 KB<\/small>\n        <\/div>\n        <div>\n            <a class='wpdm-download-link btn btn-primary ' rel='nofollow' href='#' onclick=\"location.href='https:\/\/www.geoportaligm.gob.ec\/portal\/index.php\/download\/2020-07-08-rio-quijos-erosion_dtm\/?wpdmdl=4487&refresh=69f356e041d4f1777555168';return false;\">Descargar<\/a>\n        <\/div>\n    <\/div>\n\n<\/div>\n<div style=\"clear: both\"><\/div>\n\n<\/div><br \/>\n                        <!--<iframe loading=\"lazy\" width=\"800\" height=\"300\"\n                            src=\"https:\/\/www.geoportaligm.gob.ec\/nextcloud\/index.php\/s\/r4yaPPzmJ8o5ACJ\" frameborder=\"0\"\n                            allow=\"accelerometer; autoplay; encrypted-media; gyroscope; picture-in-picture\"\n                            allowfullscreen><\/iframe>--><\/p>\n<h4>\n                        <a data-toggle=\"collapse\" data-parent=\"#accordion\" href=\"#collapse6\">Toma de Fotograf\u00eda Rio<br \/>\n                            Quijos 01-07-2020<\/a><br \/>\n                    <\/h4>\n<p>                        <div class='w3eden'><!-- WPDM Link Template: Default Template -->\n\n\n<div class=\"wpdm-link-template link-template-default thumbnail\" >\n\n    <div class=\"media\" style=\"display: flex\">\n        <div class=\"pull-left\"><img class=\"wpdm_icon\" alt=\"Icono\"   src=\"https:\/\/www.geoportaligm.gob.ec\/portal\/wp-content\/plugins\/download-manager\/assets\/file-type-icons\/tiff.svg\" \/><\/div>\n        <div class=\"media-body\"><h3 class=\"package-title\">Ortofoto San Rafael 01-07-2020<\/h3>\n            <small class=\"text-muted\"><i class=\"fas fa-copy\"><\/i> 1 file(s) &nbsp; <i class=\"fas fa-hdd\"><\/i> 720 MB<\/small>\n        <\/div>\n        <div>\n            <a class='wpdm-download-link btn btn-primary ' rel='nofollow' href='#' onclick=\"location.href='https:\/\/www.geoportaligm.gob.ec\/portal\/index.php\/download\/ortofoto-san-rafael-01-07-2020\/?wpdmdl=4460&refresh=69f356e0424d31777555168';return false;\">Descargar<\/a>\n        <\/div>\n    <\/div>\n\n<\/div>\n<div style=\"clear: both\"><\/div>\n\n<\/div><br \/>\n                        <div class='w3eden'><!-- WPDM Link Template: Default Template -->\n\n\n<div class=\"wpdm-link-template link-template-default thumbnail\" >\n\n    <div class=\"media\" style=\"display: flex\">\n        <div class=\"pull-left\"><img class=\"wpdm_icon\" alt=\"Icono\"   src=\"https:\/\/www.geoportaligm.gob.ec\/portal\/wp-content\/plugins\/download-manager\/assets\/file-type-icons\/tiff.svg\" \/><\/div>\n        <div class=\"media-body\"><h3 class=\"package-title\">DTM San Rafael 01-07-2020<\/h3>\n            <small class=\"text-muted\"><i class=\"fas fa-copy\"><\/i> 1 file(s) &nbsp; <i class=\"fas fa-hdd\"><\/i> 44.1 MB<\/small>\n        <\/div>\n        <div>\n            <a class='wpdm-download-link btn btn-primary ' rel='nofollow' href='#' onclick=\"location.href='https:\/\/www.geoportaligm.gob.ec\/portal\/index.php\/download\/dtm-san-rafael-01-07-2020\/?wpdmdl=4525&refresh=69f356e042c551777555168';return false;\">Descargar<\/a>\n        <\/div>\n    <\/div>\n\n<\/div>\n<div style=\"clear: both\"><\/div>\n\n<\/div> <!--Datos anteriores 08\/07\/2022--><br \/>\n                        <!--<iframe loading=\"lazy\" width=\"800\" height=\"300\"\n                            src=\"https:\/\/www.geoportaligm.gob.ec\/nextcloud\/index.php\/s\/Tm5aJ9WDqbez8gD\" frameborder=\"0\"\n                            allow=\"accelerometer; autoplay; encrypted-media; gyroscope; picture-in-picture\"\n                            allowfullscreen><\/iframe>--><\/p>\n<h4>\n                        <a data-toggle=\"collapse\" data-parent=\"#accordion\" href=\"#collapse5\">Toma de Fotograf\u00eda Rio<br \/>\n                            Quijos 17-06-2020<\/a><br \/>\n                    <\/h4>\n<p>                        <div class='w3eden'><!-- WPDM Link Template: Default Template -->\n\n\n<div class=\"wpdm-link-template link-template-default thumbnail\" >\n\n    <div class=\"media\" style=\"display: flex\">\n        <div class=\"pull-left\"><img class=\"wpdm_icon\" alt=\"Icono\"   src=\"https:\/\/www.geoportaligm.gob.ec\/portal\/wp-content\/plugins\/download-manager\/assets\/file-type-icons\/tiff.svg\" \/><\/div>\n        <div class=\"media-body\"><h3 class=\"package-title\">2020-06-17-Erosi\u00f3n-Rio-Quijos_ORTOFOTO<\/h3>\n            <small class=\"text-muted\"><i class=\"fas fa-copy\"><\/i> 1 file(s) &nbsp; <i class=\"fas fa-hdd\"><\/i> 0.00 KB<\/small>\n        <\/div>\n        <div>\n            <a class='wpdm-download-link btn btn-primary ' rel='nofollow' href='#' onclick=\"location.href='https:\/\/www.geoportaligm.gob.ec\/portal\/index.php\/download\/ortofoto-san-rafael-17-06-2020\/?wpdmdl=4457&refresh=69f356e0434611777555168';return false;\">Descargar<\/a>\n        <\/div>\n    <\/div>\n\n<\/div>\n<div style=\"clear: both\"><\/div>\n\n<\/div><br \/>\n                        <div class='w3eden'><!-- WPDM Link Template: Default Template -->\n\n\n<div class=\"wpdm-link-template link-template-default thumbnail\" >\n\n    <div class=\"media\" style=\"display: flex\">\n        <div class=\"pull-left\"><img class=\"wpdm_icon\" alt=\"Icono\"   src=\"https:\/\/www.geoportaligm.gob.ec\/portal\/wp-content\/plugins\/download-manager\/assets\/file-type-icons\/tiff.svg\" \/><\/div>\n        <div class=\"media-body\"><h3 class=\"package-title\">2020-06-17-Erosi\u00f3n-Rio-Quijos_DTM<\/h3>\n            <small class=\"text-muted\"><i class=\"fas fa-copy\"><\/i> 1 file(s) &nbsp; <i class=\"fas fa-hdd\"><\/i> 0.00 KB<\/small>\n        <\/div>\n        <div>\n            <a class='wpdm-download-link btn btn-primary ' rel='nofollow' href='#' onclick=\"location.href='https:\/\/www.geoportaligm.gob.ec\/portal\/index.php\/download\/2020-06-17-san-rafael-dtm\/?wpdmdl=4480&refresh=69f356e043c741777555168';return false;\">Descargar<\/a>\n        <\/div>\n    <\/div>\n\n<\/div>\n<div style=\"clear: both\"><\/div>\n\n<\/div> <!--Datos anteriores --><br \/>\n                        <!--<iframe loading=\"lazy\" width=\"800\" height=\"300\"\n                            src=\"https:\/\/www.geoportaligm.gob.ec\/nextcloud\/index.php\/s\/Tm5aJ9WDqbez8gD\" frameborder=\"0\"\n                            allow=\"accelerometer; autoplay; encrypted-media; gyroscope; picture-in-picture\"\n                            allowfullscreen><\/iframe>--><\/p>\n<h4>\n                        <a data-toggle=\"collapse\" data-parent=\"#accordion\" href=\"#collapse4\">Toma de Fotograf\u00eda Rio<br \/>\n                            Quijos 10-06-2020<\/a><br \/>\n                    <\/h4>\n<p>                        <div class='w3eden'><!-- WPDM Link Template: Default Template -->\n\n\n<div class=\"wpdm-link-template link-template-default thumbnail\" >\n\n    <div class=\"media\" style=\"display: flex\">\n        <div class=\"pull-left\"><img class=\"wpdm_icon\" alt=\"Icono\"   src=\"https:\/\/www.geoportaligm.gob.ec\/portal\/wp-content\/plugins\/download-manager\/assets\/file-type-icons\/tiff.svg\" \/><\/div>\n        <div class=\"media-body\"><h3 class=\"package-title\">Ortofoto San Rafael Extendida<\/h3>\n            <small class=\"text-muted\"><i class=\"fas fa-copy\"><\/i> 1 file(s) &nbsp; <i class=\"fas fa-hdd\"><\/i> 0.00 KB<\/small>\n        <\/div>\n        <div>\n            <a class='wpdm-download-link btn btn-primary ' rel='nofollow' href='#' onclick=\"location.href='https:\/\/www.geoportaligm.gob.ec\/portal\/index.php\/download\/ortofoto-san-rafael-extendida\/?wpdmdl=4454&refresh=69f356e0444431777555168';return false;\">Descargar<\/a>\n        <\/div>\n    <\/div>\n\n<\/div>\n<div style=\"clear: both\"><\/div>\n\n<\/div><br \/>\n                        <div class='w3eden'><!-- WPDM Link Template: Default Template -->\n\n\n<div class=\"wpdm-link-template link-template-default thumbnail\" >\n\n    <div class=\"media\" style=\"display: flex\">\n        <div class=\"pull-left\"><img class=\"wpdm_icon\" alt=\"Icono\"   src=\"https:\/\/www.geoportaligm.gob.ec\/portal\/wp-content\/plugins\/download-manager\/assets\/file-type-icons\/pdf.svg\" \/><\/div>\n        <div class=\"media-body\"><h3 class=\"package-title\">San Rafael 2020 Extendida<\/h3>\n            <small class=\"text-muted\"><i class=\"fas fa-copy\"><\/i> 1 file(s) &nbsp; <i class=\"fas fa-hdd\"><\/i> 0.00 KB<\/small>\n        <\/div>\n        <div>\n            <a class='wpdm-download-link btn btn-primary ' rel='nofollow' href='#' onclick=\"location.href='https:\/\/www.geoportaligm.gob.ec\/portal\/index.php\/download\/san-rafael-2020-extendida\/?wpdmdl=4477&refresh=69f356e044c101777555168';return false;\">Descargar<\/a>\n        <\/div>\n    <\/div>\n\n<\/div>\n<div style=\"clear: both\"><\/div>\n\n<\/div> <!--Datos anteriores 08\/07\/2022--><br \/>\n                        <!--<iframe loading=\"lazy\" width=\"800\" height=\"300\"\n                            src=\"https:\/\/www.geoportaligm.gob.ec\/nextcloud\/index.php\/s\/gPpTZJdpEXYkZit\" frameborder=\"0\"\n                            allow=\"accelerometer; autoplay; encrypted-media; gyroscope; picture-in-picture\"\n                            allowfullscreen><\/iframe>--><\/p>\n<h4>\n                        <a data-toggle=\"collapse\" data-parent=\"#accordion\" href=\"#collapse3\">Toma de Fotograf\u00eda Rio<br \/>\n                            Quijos 19-05-2020<\/a><br \/>\n                    <\/h4>\n<p>                        <div class='w3eden'><!-- WPDM Link Template: Default Template -->\n\n\n<div class=\"wpdm-link-template link-template-default thumbnail\" >\n\n    <div class=\"media\" style=\"display: flex\">\n        <div class=\"pull-left\"><img class=\"wpdm_icon\" alt=\"Icono\"   src=\"https:\/\/www.geoportaligm.gob.ec\/portal\/wp-content\/plugins\/download-manager\/assets\/file-type-icons\/tiff.svg\" \/><\/div>\n        <div class=\"media-body\"><h3 class=\"package-title\">Ortofoto San Rafael 19\/05\/2020<\/h3>\n            <small class=\"text-muted\"><i class=\"fas fa-copy\"><\/i> 1 file(s) &nbsp; <i class=\"fas fa-hdd\"><\/i> 1GB<\/small>\n        <\/div>\n        <div>\n            <a class='wpdm-download-link btn btn-primary ' rel='nofollow' href='#' onclick=\"location.href='https:\/\/www.geoportaligm.gob.ec\/portal\/index.php\/download\/ortofoto-san-rafael-19052020\/?wpdmdl=4433&refresh=69f356e0453971777555168';return false;\">Descargar<\/a>\n        <\/div>\n    <\/div>\n\n<\/div>\n<div style=\"clear: both\"><\/div>\n\n<\/div><br \/>\n                        <div class='w3eden'><!-- WPDM Link Template: Default Template -->\n\n\n<div class=\"wpdm-link-template link-template-default thumbnail\" >\n\n    <div class=\"media\" style=\"display: flex\">\n        <div class=\"pull-left\"><img class=\"wpdm_icon\" alt=\"Icono\"   src=\"https:\/\/www.geoportaligm.gob.ec\/portal\/wp-content\/plugins\/download-manager\/assets\/file-type-icons\/pdf.svg\" \/><\/div>\n        <div class=\"media-body\"><h3 class=\"package-title\">San Rafael 19-05-2020<\/h3>\n            <small class=\"text-muted\"><i class=\"fas fa-copy\"><\/i> 1 file(s) &nbsp; <i class=\"fas fa-hdd\"><\/i> 5MB<\/small>\n        <\/div>\n        <div>\n            <a class='wpdm-download-link btn btn-primary ' rel='nofollow' href='#' onclick=\"location.href='https:\/\/www.geoportaligm.gob.ec\/portal\/index.php\/download\/san-rafael-19-05-2020\/?wpdmdl=4447&refresh=69f356e045b6b1777555168';return false;\">Descargar<\/a>\n        <\/div>\n    <\/div>\n\n<\/div>\n<div style=\"clear: both\"><\/div>\n\n<\/div><br \/>\n                        <div class='w3eden'><!-- WPDM Link Template: Default Template -->\n\n\n<div class=\"wpdm-link-template link-template-default thumbnail\" >\n\n    <div class=\"media\" style=\"display: flex\">\n        <div class=\"pull-left\"><img class=\"wpdm_icon\" alt=\"Icono\"   src=\"https:\/\/www.geoportaligm.gob.ec\/portal\/wp-content\/plugins\/download-manager\/assets\/file-type-icons\/web.svg\" \/><\/div>\n        <div class=\"media-body\"><h3 class=\"package-title\">KMZ San Rafael 19-05-2020<\/h3>\n            <small class=\"text-muted\"><i class=\"fas fa-copy\"><\/i> 1 file(s) &nbsp; <i class=\"fas fa-hdd\"><\/i> 130 MB<\/small>\n        <\/div>\n        <div>\n            <a class='wpdm-download-link btn btn-primary ' rel='nofollow' href='#' onclick=\"location.href='https:\/\/www.geoportaligm.gob.ec\/portal\/index.php\/download\/san-rafael-19-05-2020-2\/?wpdmdl=4450&refresh=69f356e04633d1777555168';return false;\">Descargar<\/a>\n        <\/div>\n    <\/div>\n\n<\/div>\n<div style=\"clear: both\"><\/div>\n\n<\/div> <!--Datos anteriores --><br \/>\n                        <!-- <iframe loading=\"lazy\" width=\"800\" height=\"300\"\n                            src=\"https:\/\/www.geoportaligm.gob.ec\/nextcloud\/index.php\/s\/qWTMJHiNpwWWmmf\" frameborder=\"0\"\n                            allow=\"accelerometer; autoplay; encrypted-media; gyroscope; picture-in-picture\"\n                            allowfullscreen><\/iframe>--><\/p>\n<h4>\n                        <a data-toggle=\"collapse\" data-parent=\"#accordion\" href=\"#collapse2\">Fotograf\u00eda A\u00e9rea Rio Quijos<br \/>\n                            A\u00f1o 2010-2012<\/a><br \/>\n                    <\/h4>\n<p>                        <!-- [wpdm_package id='4443'] \n                        [wpdm_package id='4474'] \n                        [wpdm_package id='4595']--><br \/>\n                        <div class='w3eden'><!-- WPDM Link Template: Default Template -->\n\n\n<div class=\"wpdm-link-template link-template-default thumbnail\" >\n\n    <div class=\"media\" style=\"display: flex\">\n        <div class=\"pull-left\"><img class=\"wpdm_icon\" alt=\"Icono\"   src=\"https:\/\/www.geoportaligm.gob.ec\/portal\/wp-content\/plugins\/download-manager\/assets\/file-type-icons\/tiff.svg\" \/><\/div>\n        <div class=\"media-body\"><h3 class=\"package-title\">Ortofoto 2010-2012 OIII-A2<\/h3>\n            <small class=\"text-muted\"><i class=\"fas fa-copy\"><\/i> 1 file(s) &nbsp; <i class=\"fas fa-hdd\"><\/i> 1.56 GB<\/small>\n        <\/div>\n        <div>\n            <a class='wpdm-download-link btn btn-primary ' rel='nofollow' href='#' onclick=\"location.href='https:\/\/www.geoportaligm.gob.ec\/portal\/index.php\/download\/ortofoto-2010-2012-oiii-a2\/?wpdmdl=4498&refresh=69f356e046aec1777555168';return false;\">Descargar<\/a>\n        <\/div>\n    <\/div>\n\n<\/div>\n<div style=\"clear: both\"><\/div>\n\n<\/div><br \/>\n                        <div class='w3eden'><!-- WPDM Link Template: Default Template -->\n\n\n<div class=\"wpdm-link-template link-template-default thumbnail\" >\n\n    <div class=\"media\" style=\"display: flex\">\n        <div class=\"pull-left\"><img class=\"wpdm_icon\" alt=\"Icono\"   src=\"https:\/\/www.geoportaligm.gob.ec\/portal\/wp-content\/plugins\/download-manager\/assets\/file-type-icons\/tiff.svg\" \/><\/div>\n        <div class=\"media-body\"><h3 class=\"package-title\">Ortofoto 2010-2012 OIII-A4<\/h3>\n            <small class=\"text-muted\"><i class=\"fas fa-copy\"><\/i> 1 file(s) &nbsp; <i class=\"fas fa-hdd\"><\/i> 2.5 GB<\/small>\n        <\/div>\n        <div>\n            <a class='wpdm-download-link btn btn-primary ' rel='nofollow' href='#' onclick=\"location.href='https:\/\/www.geoportaligm.gob.ec\/portal\/index.php\/download\/ortofoto-2010-2012-oiii-a4\/?wpdmdl=4501&refresh=69f356e0472cd1777555168';return false;\">Descargar<\/a>\n        <\/div>\n    <\/div>\n\n<\/div>\n<div style=\"clear: both\"><\/div>\n\n<\/div><br \/>\n                        <div class='w3eden'><!-- WPDM Link Template: Default Template -->\n\n\n<div class=\"wpdm-link-template link-template-default thumbnail\" >\n\n    <div class=\"media\" style=\"display: flex\">\n        <div class=\"pull-left\"><img class=\"wpdm_icon\" alt=\"Icono\"   src=\"https:\/\/www.geoportaligm.gob.ec\/portal\/wp-content\/plugins\/download-manager\/assets\/file-type-icons\/tiff.svg\" \/><\/div>\n        <div class=\"media-body\"><h3 class=\"package-title\">MDT 2010-2012<\/h3>\n            <small class=\"text-muted\"><i class=\"fas fa-copy\"><\/i> 1 file(s) &nbsp; <i class=\"fas fa-hdd\"><\/i> 474 MB<\/small>\n        <\/div>\n        <div>\n            <a class='wpdm-download-link btn btn-primary ' rel='nofollow' href='#' onclick=\"location.href='https:\/\/www.geoportaligm.gob.ec\/portal\/index.php\/download\/ortofoto-2010-2012-mdt\/?wpdmdl=4505&refresh=69f356e047abf1777555168';return false;\">Descargar<\/a>\n        <\/div>\n    <\/div>\n\n<\/div>\n<div style=\"clear: both\"><\/div>\n\n<\/div> <!--Datos anteriores 08\/07\/2022 --><br \/>\n                        <!--<iframe loading=\"lazy\" width=\"800\" height=\"300\"\n                            src=\"https:\/\/www.geoportaligm.gob.ec\/nextcloud\/index.php\/s\/N4jNCrsxR7BjMWH\" frameborder=\"0\"\n                            allow=\"accelerometer; autoplay; encrypted-media; gyroscope; picture-in-picture\"\n                            allowfullscreen><\/iframe>--><br \/>\n            <!--\n                    \n\n<h4>\n                        <a data-toggle=\"collapse\" data-parent=\"#accordion\" href=\"#collapse43\">Toma de Fotograf\u00eda A\u00e9rea\n                            R\u00edo Quijos 09-11-2022\n                        <\/a>\n                    <\/h4>\n\n\n                        <iframe loading=\"lazy\" width=\"100%\" height=\"350\"\n                            src=\"https:\/\/www.geoportaligm.gob.ec\/nextcloud\/index.php\/s\/WsLMPgNWF8nRtoi\" frameborder=\"0\"\n                            allow=\"accelerometer; autoplay; encrypted-media; gyroscope; picture-in-picture\"\n                            allowfullscreen><\/iframe>\n            --><br \/>\n            <!--------------------------------------------Final-----------------------------------------------------------------><br \/>\n            &nbsp;<br \/>\n                <!--\n\n<h2>Descargas de Informaci\u00f3n recopilada por el IGM - Erosi\u00f3n R\u00edo Quijos<\/h2>\n\n--><\/p>\n<p style=\"font-size:30px; color:#228b22;\">Ortofotograf\u00edas SNGRE<\/p>\n<h4>\n                        <a data-toggle=\"collapse\" data-parent=\"#accordion\" href=\"#collapse25\">Ortofotograf\u00edas<br \/>\n                            y MDT SNGRE<\/a><br \/>\n                    <\/h4>\n<p>                        <!-- \n\n<h3>Informativo<\/h3>\n\n--><br \/>\n                        <iframe loading=\"lazy\" width=\"100%\" height=\"450\"\n                            src=\"https:\/\/www.geoportaligm.gob.ec\/nextcloud\/index.php\/s\/rmocxaPXwCSQ8iN\" frameborder=\"0\"\n                            allow=\"accelerometer; autoplay; encrypted-media; gyroscope; picture-in-picture\"\n                            allowfullscreen><\/iframe><br \/>\n            &nbsp;<br \/>\n                <!--\n\n<h2>Descargas de Informaci\u00f3n recopilada por el IGM - Erosi\u00f3n R\u00edo Quijos<\/h2>\n\n--><\/p>\n<p style=\"font-size:30px; color:#228b22;\">Im\u00e1genes Satelitales SENTINEL &#8211; LANDSAT<\/p>\n<h4>\n                        <a data-toggle=\"collapse\" data-parent=\"#accordion\" href=\"#collapse23\">Im\u00e1genes Satelitales<\/a><br \/>\n                    <\/h4>\n<p>                        <!-- [wpdm_package id='4491']\n                      [wpdm_package id='4493']\n                      --><br \/>\n                        <div class='w3eden'><!-- WPDM Link Template: Default Template -->\n\n\n<div class=\"wpdm-link-template link-template-default thumbnail\" >\n\n    <div class=\"media\" style=\"display: flex\">\n        <div class=\"pull-left\"><img class=\"wpdm_icon\" alt=\"Icono\"   src=\"https:\/\/www.geoportaligm.gob.ec\/portal\/wp-content\/plugins\/download-manager\/assets\/file-type-icons\/tiff.svg\" \/><\/div>\n        <div class=\"media-body\"><h3 class=\"package-title\">Imagen Satelital del 24-08-2020 (SENTINEL)<\/h3>\n            <small class=\"text-muted\"><i class=\"fas fa-copy\"><\/i> 1 file(s) &nbsp; <i class=\"fas fa-hdd\"><\/i> 3.4 GB<\/small>\n        <\/div>\n        <div>\n            <a class='wpdm-download-link btn btn-primary ' rel='nofollow' href='#' onclick=\"location.href='https:\/\/www.geoportaligm.gob.ec\/portal\/index.php\/download\/imagen-satelital-del-24-08-2020-sentinel\/?wpdmdl=4544&refresh=69f356e0482981777555168';return false;\">Descargar<\/a>\n        <\/div>\n    <\/div>\n\n<\/div>\n<div style=\"clear: both\"><\/div>\n\n<\/div><br \/>\n                        <div class='w3eden'><!-- WPDM Link Template: Default Template -->\n\n\n<div class=\"wpdm-link-template link-template-default thumbnail\" >\n\n    <div class=\"media\" style=\"display: flex\">\n        <div class=\"pull-left\"><img class=\"wpdm_icon\" alt=\"Icono\"   src=\"https:\/\/www.geoportaligm.gob.ec\/portal\/wp-content\/plugins\/download-manager\/assets\/file-type-icons\/download_folder.png\" \/><\/div>\n        <div class=\"media-body\"><h3 class=\"package-title\">Imagen Satelital del 04-08-2020 (Landsat)<\/h3>\n            <small class=\"text-muted\"><i class=\"fas fa-copy\"><\/i> 1 file(s) &nbsp; <i class=\"fas fa-hdd\"><\/i> 2.8 GB<\/small>\n        <\/div>\n        <div>\n            <a class='wpdm-download-link btn btn-primary ' rel='nofollow' href='#' onclick=\"location.href='https:\/\/www.geoportaligm.gob.ec\/portal\/index.php\/download\/sentinel-24-08-2020\/?wpdmdl=4548&refresh=69f356e048a871777555168';return false;\">Descargar<\/a>\n        <\/div>\n    <\/div>\n\n<\/div>\n<div style=\"clear: both\"><\/div>\n\n<\/div><br \/>\n<\/body><br \/>\n<\/html><\/p>\n","protected":false},"excerpt":{"rendered":"<p>Descargas de Informaci\u00f3n recopilada por el IGM &#8211; Erosi\u00f3n R\u00edo Quijos Informes erosi\u00f3n R\u00edo Quijos Informes T\u00e9cnicos &nbsp; Productos elaborados y registrados: 2025 &#8211; 2020 Toma de Fotograf\u00eda A\u00e9rea R\u00edo Quijos 23-09-2025 Toma de Fotograf\u00eda A\u00e9rea R\u00edo Quijos 28-05-2025 Toma de Fotograf\u00eda A\u00e9rea R\u00edo Quijos 26-02-2025 Toma de Fotograf\u00eda A\u00e9rea R\u00edo Quijos 20-09-2024 Toma de <a class=\"moretag\" href=\"https:\/\/www.geoportaligm.gob.ec\/portal\/index.php\/ortofoto-sector-san-rafael\/\">Read More &#8230;<\/a><\/p>\n","protected":false},"author":1,"featured_media":0,"parent":0,"menu_order":0,"comment_status":"closed","ping_status":"closed","template":"full-width-page.php","meta":[],"_links":{"self":[{"href":"https:\/\/www.geoportaligm.gob.ec\/portal\/index.php\/wp-json\/wp\/v2\/pages\/5210"}],"collection":[{"href":"https:\/\/www.geoportaligm.gob.ec\/portal\/index.php\/wp-json\/wp\/v2\/pages"}],"about":[{"href":"https:\/\/www.geoportaligm.gob.ec\/portal\/index.php\/wp-json\/wp\/v2\/types\/page"}],"author":[{"embeddable":true,"href":"https:\/\/www.geoportaligm.gob.ec\/portal\/index.php\/wp-json\/wp\/v2\/users\/1"}],"replies":[{"embeddable":true,"href":"https:\/\/www.geoportaligm.gob.ec\/portal\/index.php\/wp-json\/wp\/v2\/comments?post=5210"}],"version-history":[{"count":93,"href":"https:\/\/www.geoportaligm.gob.ec\/portal\/index.php\/wp-json\/wp\/v2\/pages\/5210\/revisions"}],"predecessor-version":[{"id":6035,"href":"https:\/\/www.geoportaligm.gob.ec\/portal\/index.php\/wp-json\/wp\/v2\/pages\/5210\/revisions\/6035"}],"wp:attachment":[{"href":"https:\/\/www.geoportaligm.gob.ec\/portal\/index.php\/wp-json\/wp\/v2\/media?parent=5210"}],"curies":[{"name":"wp","href":"https:\/\/api.w.org\/{rel}","templated":true}]}}