{"id":4277,"date":"2020-01-23T09:12:37","date_gmt":"2020-01-23T14:12:37","guid":{"rendered":"https:\/\/www.geoportaligm.gob.ec\/portal\/?page_id=4277"},"modified":"2020-02-05T07:44:56","modified_gmt":"2020-02-05T12:44:56","slug":"atlas-geografico-nacional-del-ecuador-2013-resumen","status":"publish","type":"page","link":"https:\/\/www.geoportaligm.gob.ec\/portal\/index.php\/atlas-geografico-nacional-del-ecuador-2013-resumen\/","title":{"rendered":"Atlas Geogr\u00e1fico Nacional del Ecuador 2013 &#8211; Resumen"},"content":{"rendered":"<p>\n<\/br><br \/>\n<\/br><br \/>\n<!DOCTYPE html><br \/>\n<html><br \/>\n<body><\/p>\n<table border=\"1\" style=\"width:97%\">\n<tr>\n<h1 style=\"text-align: center;\"><strong>Atlas Geogr\u00e1fico Nacional 2013 (Resumen).<\/strong><\/h2>\n<p><center>Segunda edici\u00f3n del Atlas Geogr\u00e1fico del Ecuador<\/center><br \/>\n<center>Es innegable la din\u00e1mica producida en el pa\u00eds, en los \u00faltimos cuatro a\u00f1os, como resultado de las nuevas pol\u00edticas del Estado respecto al rol y fortalecimiento de sus instituciones. Es as\u00ed como la informaci\u00f3n social, econ\u00f3mica y de poblaci\u00f3n, base del Atlas Geogr\u00e1fico del Ecuador, se modifica constantemente lo que hace variar el diagn\u00f3stico actual del pa\u00eds, por lo que se consider\u00f3 relevante actualizar este medio de comunicaci\u00f3n m\u00e1s regularmente.<\/center><br \/>\n<center>En esta segunda edici\u00f3n, se conserv\u00f3 el formato y los temas iniciales de la primera, enfatizando la actualizaci\u00f3n de la informaci\u00f3n, sobretodo la proveniente del VII Censo de Poblaci\u00f3n y VI de Vivienda del Instituto Nacional de Estad\u00edsticas y Censos (INEC). Adem\u00e1s, la inclusi\u00f3n de temas como: la Cartograf\u00eda Hist\u00f3rica, el Deporte, Programas Sociales (Misi\u00f3n Solidaria Manuela Espejo, Programa Joaqu\u00edn Gallegos Lara) y el Conocimiento Ambiental; temas que resaltan los cambios y el progreso del pa\u00eds.<\/center><br \/>\n<center>El Atlas Geogr\u00e1fico del Ecuador, mantiene su connotaci\u00f3n de oficial y se constituye, sin duda alguna, en una obra que permite conocer al pa\u00eds tanto a nivel interno como a nivel mundial.<\/center><br \/>\n  <\/tr>\n<\/table>\n<p><center><\/p>\n<table border=\"1\" style=\"width:97%\">\n<tr>\n    <center><\/p>\n<td>\n<div class=\"wpfilebase-attachment\">\r\n <div class=\"wpfilebase-fileicon\"><a href=\"https:\/\/www.geoportaligm.gob.ec\/portal\/?wpfb_dl=1164\" title=\"Download Atlas Geogr\u00e1fico Nacional_Resumen\"><img align=\"middle\" src=\"https:\/\/www.geoportaligm.gob.ec\/portal\/wp-includes\/images\/crystal\/document.png\" alt=\"Atlas Geogr\u00e1fico Nacional_Resumen\" \/><\/a><\/div>\r\n <div class=\"wpfilebase-rightcol\">\r\n  <div class=\"wpfilebase-filetitle\">\r\n   <a href=\"https:\/\/www.geoportaligm.gob.ec\/portal\/?wpfb_dl=1164\" title=\"Download Atlas Geogr\u00e1fico Nacional_Resumen\">Atlas Geogr\u00e1fico Nacional_Resumen<\/a><br \/>\r\n   ATLAS_A4JPG-2.pdf<br \/>\r\n   Version: 1.0<br \/>\r\n   \r\n  <\/div>\r\n  <div class=\"wpfilebase-filedetails\" id=\"wpfilebase-filedetails1\" style=\"display: none;\">\r\n  <p><\/p>\r\n  <table border=\"0\">\r\n   \r\n   \r\n   \r\n   \r\n   \r\n   <tr><td><strong>License:<\/strong><\/td><td><a href=\"http:\/\/creativecommons.org\/licenses\/by-nc-sa\/3.0\/\" target=\"_blank\">CC Attribution-NonCommercial-ShareAlike<\/a><\/td><\/tr>\r\n   <tr><td><strong>Date:<\/strong><\/td><td>2020\/01\/22<\/td><\/tr>\r\n   \n  <\/table>\r\n  <\/div>\r\n <\/div>\r\n <div class=\"wpfilebase-fileinfo\">\r\n  231.0 MiB<br \/>\r\n  851 Downloads<br \/>\r\n  <a href=\"#\" onclick=\"return wpfilebase_filedetails(1);\">Details...<\/a>\r\n <\/div>\r\n <div style=\"clear: both;\"><\/div>\r\n<\/div>\n<\/td>\n<p><\/center><br \/>\n  <\/tr>\n<\/table>\n<p><\/center><br \/>\n<\/body><br \/>\n<\/html><\/p>\n","protected":false},"excerpt":{"rendered":"<p>Atlas Geogr\u00e1fico Nacional 2013 (Resumen). Segunda edici\u00f3n del Atlas Geogr\u00e1fico del Ecuador Es innegable la din\u00e1mica producida en el pa\u00eds, en los \u00faltimos cuatro a\u00f1os, como resultado de las nuevas pol\u00edticas del Estado respecto al rol y fortalecimiento de sus instituciones. Es as\u00ed como la informaci\u00f3n social, econ\u00f3mica y de poblaci\u00f3n, base del Atlas Geogr\u00e1fico <a class=\"moretag\" href=\"https:\/\/www.geoportaligm.gob.ec\/portal\/index.php\/atlas-geografico-nacional-del-ecuador-2013-resumen\/\">Read More &#8230;<\/a><\/p>\n","protected":false},"author":1,"featured_media":0,"parent":0,"menu_order":0,"comment_status":"closed","ping_status":"closed","template":"full-width-page.php","meta":[],"_links":{"self":[{"href":"https:\/\/www.geoportaligm.gob.ec\/portal\/index.php\/wp-json\/wp\/v2\/pages\/4277"}],"collection":[{"href":"https:\/\/www.geoportaligm.gob.ec\/portal\/index.php\/wp-json\/wp\/v2\/pages"}],"about":[{"href":"https:\/\/www.geoportaligm.gob.ec\/portal\/index.php\/wp-json\/wp\/v2\/types\/page"}],"author":[{"embeddable":true,"href":"https:\/\/www.geoportaligm.gob.ec\/portal\/index.php\/wp-json\/wp\/v2\/users\/1"}],"replies":[{"embeddable":true,"href":"https:\/\/www.geoportaligm.gob.ec\/portal\/index.php\/wp-json\/wp\/v2\/comments?post=4277"}],"version-history":[{"count":0,"href":"https:\/\/www.geoportaligm.gob.ec\/portal\/index.php\/wp-json\/wp\/v2\/pages\/4277\/revisions"}],"wp:attachment":[{"href":"https:\/\/www.geoportaligm.gob.ec\/portal\/index.php\/wp-json\/wp\/v2\/media?parent=4277"}],"curies":[{"name":"wp","href":"https:\/\/api.w.org\/{rel}","templated":true}]}}